{"id":225,"date":"2015-12-29T00:28:37","date_gmt":"2015-12-29T00:28:37","guid":{"rendered":"http:\/\/www.foyerdecaridad.cl\/tome\/?page_id=225"},"modified":"2015-12-29T00:28:37","modified_gmt":"2015-12-29T00:28:37","slug":"libros-de-catequesis","status":"publish","type":"page","link":"http:\/\/www.foyerdecaridad.cl\/tome\/?page_id=225","title":{"rendered":"Libros de Catequesis"},"content":{"rendered":"<p><img loading=\"lazy\" class=\"size-medium wp-image-236 aligncenter\" src=\"http:\/\/www.foyerdecaridad.cl\/tome\/wp-content\/uploads\/2015\/12\/ParaVivirPadre.jpg\" alt=\"ParaVivirPadre\" width=\"116\" height=\"173\" \/><\/p>\n<p style=\"text-align: center;\">&#8211; Para Vivir con Nuestro Padre del Cielo (ni\u00f1os 1er a\u00f1o)<\/p>\n<p><img loading=\"lazy\" class=\"alignnone size-medium wp-image-228 aligncenter\" src=\"http:\/\/www.foyerdecaridad.cl\/tome\/wp-content\/uploads\/2015\/12\/CuadernoProfun7anos.jpg\" alt=\"CuadernoProfun7anos\" width=\"116\" height=\"173\" \/><\/p>\n<p style=\"text-align: center;\">&#8211; Cuaderno de Profundizaci\u00f3n (ni\u00f1os 2do a\u00f1o)<\/p>\n<p><img loading=\"lazy\" class=\"alignnone size-medium wp-image-235 aligncenter\" src=\"http:\/\/www.foyerdecaridad.cl\/tome\/wp-content\/uploads\/2015\/12\/NuestroPadredelCieloPM.jpg\" alt=\"NuestroPadredelCieloPM\" width=\"116\" height=\"173\" \/><\/p>\n<p style=\"text-align: center;\">&#8211; Nuestro Padre del Cielo: Padres y Monitores<\/p>\n<p><img loading=\"lazy\" class=\"alignnone size-medium wp-image-234 aligncenter\" src=\"http:\/\/www.foyerdecaridad.cl\/tome\/wp-content\/uploads\/2015\/12\/IlimunaMiVida.jpg\" alt=\"IlimunaMiVida\" width=\"116\" height=\"173\" \/><\/p>\n<p style=\"text-align: center;\">&#8211; Ilumina mi Vida: Manual de Doctrina (Gu\u00edas)<\/p>\n<p><img loading=\"lazy\" class=\"size-medium wp-image-232 aligncenter\" src=\"http:\/\/www.foyerdecaridad.cl\/tome\/wp-content\/uploads\/2015\/12\/HablamedeJesus1.jpg\" alt=\"HablamedeJesus1\" width=\"226\" height=\"173\" \/><\/p>\n<p style=\"text-align: center;\">&#8211; H\u00e1blame de Jes\u00fas (4-7 a\u00f1os para pintar)<\/p>\n<p><img loading=\"lazy\" class=\"alignnone size-medium wp-image-226 aligncenter\" src=\"http:\/\/www.foyerdecaridad.cl\/tome\/wp-content\/uploads\/2015\/12\/BAUTISMO-221x300.png\" alt=\"BAUTISMO\" width=\"221\" height=\"300\" srcset=\"http:\/\/www.foyerdecaridad.cl\/tome\/wp-content\/uploads\/2015\/12\/BAUTISMO-221x300.png 221w, http:\/\/www.foyerdecaridad.cl\/tome\/wp-content\/uploads\/2015\/12\/BAUTISMO.png 549w\" sizes=\"(max-width: 221px) 100vw, 221px\" \/><\/p>\n<p style=\"text-align: center;\">&#8211; El Bautismo<\/p>\n<p><strong><img loading=\"lazy\" class=\"size-medium wp-image-237 aligncenter\" src=\"http:\/\/www.foyerdecaridad.cl\/tome\/wp-content\/uploads\/2015\/12\/ResumenCatecismo.jpg\" alt=\"ResumenCatecismo\" width=\"116\" height=\"172\" \/><\/strong><\/p>\n<p style=\"text-align: center;\">&#8211; Resumen Nuevo Catecismo Cat\u00f3lico<\/p>\n<p><img loading=\"lazy\" class=\"size-medium wp-image-231 aligncenter\" src=\"http:\/\/www.foyerdecaridad.cl\/tome\/wp-content\/uploads\/2015\/12\/GrandezaMujer.jpg\" alt=\"GrandezaMujer\" width=\"116\" height=\"172\" \/><\/p>\n<p style=\"text-align: center;\">&#8211; La Verdadera Grandeza y Dignidad de la Mujer<\/p>\n<p><a href=\"http:\/\/www.foyerdecaridad.cl\/tome\/wp-content\/uploads\/2015\/12\/CONFIRMACI\u00d3N.png\"><img loading=\"lazy\" class=\"size-medium wp-image-227 aligncenter\" src=\"http:\/\/www.foyerdecaridad.cl\/tome\/wp-content\/uploads\/2015\/12\/CONFIRMACI\u00d3N-207x300.png\" alt=\"CONFIRMACI\u00d3N\" width=\"207\" height=\"300\" srcset=\"http:\/\/www.foyerdecaridad.cl\/tome\/wp-content\/uploads\/2015\/12\/CONFIRMACI\u00d3N-207x300.png 207w, http:\/\/www.foyerdecaridad.cl\/tome\/wp-content\/uploads\/2015\/12\/CONFIRMACI\u00d3N.png 400w\" sizes=\"(max-width: 207px) 100vw, 207px\" \/><\/a><\/p>\n<p><a href=\"http:\/\/www.foyerdecaridad.cl\/tome\/wp-content\/uploads\/2015\/12\/DiezMandamientos.jpg\"><img loading=\"lazy\" class=\"size-medium wp-image-229 aligncenter\" src=\"http:\/\/www.foyerdecaridad.cl\/tome\/wp-content\/uploads\/2015\/12\/DiezMandamientos.jpg\" alt=\"DiezMandamientos\" width=\"80\" height=\"124\" \/><\/a><\/p>\n<p><a href=\"http:\/\/www.foyerdecaridad.cl\/tome\/wp-content\/uploads\/2015\/12\/ExamenConciencia.jpg\"><img loading=\"lazy\" class=\"size-medium wp-image-230 aligncenter\" src=\"http:\/\/www.foyerdecaridad.cl\/tome\/wp-content\/uploads\/2015\/12\/ExamenConciencia.jpg\" alt=\"ExamenConciencia\" width=\"116\" height=\"168\" \/><\/a><\/p>\n<p><a href=\"http:\/\/www.foyerdecaridad.cl\/tome\/wp-content\/uploads\/2015\/12\/HIEntreLucesySombras.jpg\"><img loading=\"lazy\" class=\"size-medium wp-image-233 aligncenter\" src=\"http:\/\/www.foyerdecaridad.cl\/tome\/wp-content\/uploads\/2015\/12\/HIEntreLucesySombras.jpg\" alt=\"HIEntreLucesySombras\" width=\"80\" height=\"125\" \/><\/a><\/p>\n<p style=\"text-align: center;\">\u00a0\u00a0\u00a0\u00a0\u00a0<a href=\"http:\/\/www.foyerdecaridad.cl\/tome\/wp-content\/uploads\/2015\/12\/SemblazaApostolesydePablo.jpg\"><img loading=\"lazy\" class=\"alignnone size-medium wp-image-239\" src=\"http:\/\/www.foyerdecaridad.cl\/tome\/wp-content\/uploads\/2015\/12\/SemblazaApostolesydePablo.jpg\" alt=\"SemblazaApostolesydePablo\" width=\"90\" height=\"140\" \/><\/a><\/p>\n","protected":false},"excerpt":{"rendered":"<p>&#8211; Para Vivir con Nuestro Padre del Cielo (ni\u00f1os 1er a\u00f1o) &#8211; Cuaderno de Profundizaci\u00f3n (ni\u00f1os 2do a\u00f1o) &#8211; Nuestro Padre del Cielo: Padres y Monitores &#8211; Ilumina mi Vida: Manual de Doctrina (Gu\u00edas) &#8211; H\u00e1blame de Jes\u00fas (4-7 a\u00f1os para pintar) &#8211; El Bautismo &#8211; Resumen Nuevo Catecismo Cat\u00f3lico &#8211; La Verdadera Grandeza y&hellip;<\/p>\n<p class=\"more-link-wrapper\"><a class=\"more-link\" href=\"http:\/\/www.foyerdecaridad.cl\/tome\/?page_id=225\">Continue<\/a><\/p>\n","protected":false},"author":1,"featured_media":0,"parent":31,"menu_order":0,"comment_status":"open","ping_status":"open","template":"","meta":[],"_links":{"self":[{"href":"http:\/\/www.foyerdecaridad.cl\/tome\/index.php?rest_route=\/wp\/v2\/pages\/225"}],"collection":[{"href":"http:\/\/www.foyerdecaridad.cl\/tome\/index.php?rest_route=\/wp\/v2\/pages"}],"about":[{"href":"http:\/\/www.foyerdecaridad.cl\/tome\/index.php?rest_route=\/wp\/v2\/types\/page"}],"author":[{"embeddable":true,"href":"http:\/\/www.foyerdecaridad.cl\/tome\/index.php?rest_route=\/wp\/v2\/users\/1"}],"replies":[{"embeddable":true,"href":"http:\/\/www.foyerdecaridad.cl\/tome\/index.php?rest_route=%2Fwp%2Fv2%2Fcomments&post=225"}],"version-history":[{"count":2,"href":"http:\/\/www.foyerdecaridad.cl\/tome\/index.php?rest_route=\/wp\/v2\/pages\/225\/revisions"}],"predecessor-version":[{"id":568,"href":"http:\/\/www.foyerdecaridad.cl\/tome\/index.php?rest_route=\/wp\/v2\/pages\/225\/revisions\/568"}],"up":[{"embeddable":true,"href":"http:\/\/www.foyerdecaridad.cl\/tome\/index.php?rest_route=\/wp\/v2\/pages\/31"}],"wp:attachment":[{"href":"http:\/\/www.foyerdecaridad.cl\/tome\/index.php?rest_route=%2Fwp%2Fv2%2Fmedia&parent=225"}],"curies":[{"name":"wp","href":"https:\/\/api.w.org\/{rel}","templated":true}]}}