{"id":241,"date":"2015-12-29T00:58:57","date_gmt":"2015-12-29T00:58:57","guid":{"rendered":"http:\/\/www.foyerdecaridad.cl\/tome\/?page_id=241"},"modified":"2015-12-29T00:58:57","modified_gmt":"2015-12-29T00:58:57","slug":"libros-marianos","status":"publish","type":"page","link":"http:\/\/www.foyerdecaridad.cl\/tome\/?page_id=241","title":{"rendered":"Libros Marianos"},"content":{"rendered":"<p>&nbsp;<\/p>\n<p><a href=\"http:\/\/www.foyerdecaridad.cl\/tome\/wp-content\/uploads\/2015\/12\/LaTodaHermosa.jpg\"><img loading=\"lazy\" class=\"size-medium wp-image-246 aligncenter\" src=\"http:\/\/www.foyerdecaridad.cl\/tome\/wp-content\/uploads\/2015\/12\/LaTodaHermosa.jpg\" alt=\"LaTodaHermosa\" width=\"200\" height=\"136\" \/><\/a><\/p>\n<p style=\"text-align: center;\">&#8211; La Toda Hermosa &#8211; Vida de Mar\u00eda<\/p>\n<p style=\"text-align: center;\">\n<p><img loading=\"lazy\" class=\"size-medium wp-image-243 aligncenter\" src=\"http:\/\/www.foyerdecaridad.cl\/tome\/wp-content\/uploads\/2015\/12\/FiatDivinaVoluntad.jpg\" alt=\"FiatDivinaVoluntad\" width=\"80\" height=\"104\" \/><\/p>\n<p style=\"text-align: center;\">&#8211; Fiat &#8211; La Divina Voluntad<\/p>\n<p style=\"text-align: center;\">\n<p><img loading=\"lazy\" class=\"size-medium wp-image-252 aligncenter\" src=\"http:\/\/www.foyerdecaridad.cl\/tome\/wp-content\/uploads\/2015\/12\/RosarioMeditado1.jpg\" alt=\"RosarioMeditado1\" width=\"80\" height=\"122\" \/><\/p>\n<p style=\"text-align: center;\">&#8211; El Rosario Meditado Tomo I<\/p>\n<p style=\"text-align: center;\">\n<p><img loading=\"lazy\" class=\"alignnone size-medium wp-image-253 aligncenter\" src=\"http:\/\/www.foyerdecaridad.cl\/tome\/wp-content\/uploads\/2015\/12\/RosarioMeditadoII.jpg\" alt=\"RosarioMeditadoII\" width=\"80\" height=\"123\" \/><\/p>\n<p style=\"text-align: center;\">&#8211; El Rosario Meditado Tomo II<\/p>\n<p style=\"text-align: center;\">\n<p style=\"text-align: center;\"><img loading=\"lazy\" class=\"size-medium wp-image-254 aligncenter\" src=\"http:\/\/www.foyerdecaridad.cl\/tome\/wp-content\/uploads\/2015\/12\/RosarioMeditadoIII.jpg\" alt=\"RosarioMeditadoIII\" width=\"80\" height=\"122\" \/><br \/>\n&#8211; El Rosario Meditado Tomo III<\/p>\n<p style=\"text-align: center;\">\n<p>\u00a0<img loading=\"lazy\" class=\"alignnone size-medium wp-image-255 aligncenter\" src=\"http:\/\/www.foyerdecaridad.cl\/tome\/wp-content\/uploads\/2015\/12\/RosarioPequenosMis.jpg\" alt=\"RosarioPequenosMis\" width=\"103\" height=\"154\" \/><\/p>\n<p style=\"text-align: center;\">&#8211; Rosario Peque\u00f1os Misioneros (para ni\u00f1os)<br \/>\n(en espa\u00f1ol, ingl\u00e9s, franc\u00e9s, alem\u00e1n, italiano, ruso, portugu\u00e9s, taiwan\u00e9s)<\/p>\n<p style=\"text-align: center;\">\n<p><img loading=\"lazy\" class=\"alignnone size-medium wp-image-251 aligncenter\" src=\"http:\/\/www.foyerdecaridad.cl\/tome\/wp-content\/uploads\/2015\/12\/RosarioAcord.jpg\" alt=\"RosarioAcord\" width=\"76\" height=\"153\" \/><\/p>\n<p style=\"text-align: center;\">&#8211; Comentarios del Rosario con los 4 Misterios, en forma<br \/>\npr\u00e1ctica, de bolsillo, desplegable, ilustrados de 5 x 10 cm.<\/p>\n<p style=\"text-align: center;\">\n<p><img loading=\"lazy\" class=\"size-medium wp-image-250 aligncenter\" src=\"http:\/\/www.foyerdecaridad.cl\/tome\/wp-content\/uploads\/2015\/12\/portSabiduria.jpg\" alt=\"portSabiduria\" width=\"80\" height=\"120\" \/><\/p>\n<p style=\"text-align: center;\">&#8211; La Sabidur\u00eda Eterna (Luis Mar\u00eda de Montfort)<\/p>\n<p style=\"text-align: center;\">\n<p><img loading=\"lazy\" class=\"size-medium wp-image-258 aligncenter\" src=\"http:\/\/www.foyerdecaridad.cl\/tome\/wp-content\/uploads\/2015\/12\/TratadoVerdaderaDevocion.jpg\" alt=\"TratadoVerdaderaDevocion\" width=\"80\" height=\"119\" \/><\/p>\n<p style=\"text-align: center;\">&#8211; Tratado Verdadera Devoci\u00f3n<\/p>\n<p style=\"text-align: center;\">\n<p style=\"text-align: center;\"><img loading=\"lazy\" class=\"size-medium wp-image-256 aligncenter\" src=\"http:\/\/www.foyerdecaridad.cl\/tome\/wp-content\/uploads\/2015\/12\/Secretoadmirabledel-rosar.jpg\" alt=\"Secretoadmirabledel rosar\" width=\"80\" height=\"122\" \/><br \/>\n&#8211; Secreto Admirable del Sto. Rosario<\/p>\n<p style=\"text-align: center;\">\n<p>\u00a0<img loading=\"lazy\" class=\"size-medium wp-image-257 aligncenter\" src=\"http:\/\/www.foyerdecaridad.cl\/tome\/wp-content\/uploads\/2015\/12\/secretoMaria.jpg\" alt=\"secretoMaria\" width=\"80\" height=\"115\" \/><\/p>\n<p style=\"text-align: center;\">&#8211; El Secreto de Mar\u00eda<\/p>\n<p style=\"text-align: center;\">\n<p><img loading=\"lazy\" class=\"alignnone size-medium wp-image-244 aligncenter\" src=\"http:\/\/www.foyerdecaridad.cl\/tome\/wp-content\/uploads\/2015\/12\/GloriasdeMariaI.jpg\" alt=\"GloriasdeMariaI\" width=\"104\" height=\"159\" \/><\/p>\n<p style=\"text-align: center;\">&#8211; Las Glorias de Mar\u00eda Tomo I &#8211; 124 p\u00e1ginas Tama\u00f1o 21&#215;13 cm<\/p>\n<p style=\"text-align: center;\">\n<p><img loading=\"lazy\" class=\"size-medium wp-image-245 aligncenter\" src=\"http:\/\/www.foyerdecaridad.cl\/tome\/wp-content\/uploads\/2015\/12\/GloriasdeMariaII.jpg\" alt=\"GloriasdeMariaII\" width=\"106\" height=\"159\" \/><\/p>\n<p style=\"text-align: center;\">&#8211; Las Glorias de Mar\u00eda Tomo II &#8211; 128 p\u00e1ginas Tama\u00f1o 21&#215;13 cm<\/p>\n<p style=\"text-align: center;\">\n<p><img loading=\"lazy\" class=\"size-medium wp-image-259 aligncenter\" src=\"http:\/\/www.foyerdecaridad.cl\/tome\/wp-content\/uploads\/2015\/12\/UnanoconMaria.jpg\" alt=\"UnanoconMaria\" width=\"80\" height=\"114\" \/><\/p>\n<p style=\"text-align: center;\">&#8211; Un A\u00f1o con Mar\u00eda<\/p>\n<p style=\"text-align: center;\">\n<p style=\"text-align: center;\"><img loading=\"lazy\" class=\"size-full wp-image-242 aligncenter\" src=\"http:\/\/www.foyerdecaridad.cl\/tome\/wp-content\/uploads\/2015\/12\/AparicionesMarianas.jpg\" alt=\"AparicionesMarianas\" width=\"80\" height=\"123\" \/><br \/>\n&#8211; Mensajes de la Virgen Mar\u00eda al Mundo<\/p>\n<p style=\"text-align: center;\">\n<p>&nbsp;<\/p>\n<p><img loading=\"lazy\" class=\"alignnone size-medium wp-image-247 aligncenter\" src=\"http:\/\/www.foyerdecaridad.cl\/tome\/wp-content\/uploads\/2015\/12\/MariaMadreyMaestra.jpg\" alt=\"MariaMadreyMaestra\" width=\"80\" height=\"115\" \/><\/p>\n<p style=\"text-align: center;\">&#8211; Mar\u00eda Madre y Maestra<\/p>\n<p>&nbsp;<\/p>\n<p><img loading=\"lazy\" class=\"alignnone size-medium wp-image-248 aligncenter\" src=\"http:\/\/www.foyerdecaridad.cl\/tome\/wp-content\/uploads\/2015\/12\/MariaPuertaCielo.jpg\" alt=\"MariaPuertaCielo\" width=\"80\" height=\"117\" \/><\/p>\n<p style=\"text-align: center;\">Mar\u00eda Puerta del Cielo, (en varios idiomas)<\/p>\n<p style=\"text-align: center;\">\n<p><img loading=\"lazy\" class=\"alignnone size-medium wp-image-249 aligncenter\" src=\"http:\/\/www.foyerdecaridad.cl\/tome\/wp-content\/uploads\/2015\/12\/MiVidaEnNazaret.jpg\" alt=\"MiVidaEnNazaret\" width=\"90\" height=\"146\" \/><\/p>\n<p style=\"text-align: center;\">&#8211; Mi Vida en Nazareth<\/p>\n","protected":false},"excerpt":{"rendered":"<p>&nbsp; &#8211; La Toda Hermosa &#8211; Vida de Mar\u00eda &#8211; Fiat &#8211; La Divina Voluntad &#8211; El Rosario Meditado Tomo I &#8211; El Rosario Meditado Tomo II &#8211; El Rosario Meditado Tomo III \u00a0 &#8211; Rosario Peque\u00f1os Misioneros (para ni\u00f1os) (en espa\u00f1ol, ingl\u00e9s, franc\u00e9s, alem\u00e1n, italiano, ruso, portugu\u00e9s, taiwan\u00e9s) &#8211; Comentarios del Rosario con los&hellip;<\/p>\n<p class=\"more-link-wrapper\"><a class=\"more-link\" href=\"http:\/\/www.foyerdecaridad.cl\/tome\/?page_id=241\">Continue<\/a><\/p>\n","protected":false},"author":1,"featured_media":0,"parent":31,"menu_order":0,"comment_status":"open","ping_status":"open","template":"","meta":[],"_links":{"self":[{"href":"http:\/\/www.foyerdecaridad.cl\/tome\/index.php?rest_route=\/wp\/v2\/pages\/241"}],"collection":[{"href":"http:\/\/www.foyerdecaridad.cl\/tome\/index.php?rest_route=\/wp\/v2\/pages"}],"about":[{"href":"http:\/\/www.foyerdecaridad.cl\/tome\/index.php?rest_route=\/wp\/v2\/types\/page"}],"author":[{"embeddable":true,"href":"http:\/\/www.foyerdecaridad.cl\/tome\/index.php?rest_route=\/wp\/v2\/users\/1"}],"replies":[{"embeddable":true,"href":"http:\/\/www.foyerdecaridad.cl\/tome\/index.php?rest_route=%2Fwp%2Fv2%2Fcomments&post=241"}],"version-history":[{"count":1,"href":"http:\/\/www.foyerdecaridad.cl\/tome\/index.php?rest_route=\/wp\/v2\/pages\/241\/revisions"}],"predecessor-version":[{"id":260,"href":"http:\/\/www.foyerdecaridad.cl\/tome\/index.php?rest_route=\/wp\/v2\/pages\/241\/revisions\/260"}],"up":[{"embeddable":true,"href":"http:\/\/www.foyerdecaridad.cl\/tome\/index.php?rest_route=\/wp\/v2\/pages\/31"}],"wp:attachment":[{"href":"http:\/\/www.foyerdecaridad.cl\/tome\/index.php?rest_route=%2Fwp%2Fv2%2Fmedia&parent=241"}],"curies":[{"name":"wp","href":"https:\/\/api.w.org\/{rel}","templated":true}]}}