{"id":31,"date":"2015-07-03T17:07:32","date_gmt":"2015-07-03T17:07:32","guid":{"rendered":"http:\/\/www.foyerdecaridad.cl\/tome\/?page_id=31"},"modified":"2016-08-14T19:22:09","modified_gmt":"2016-08-14T19:22:09","slug":"libreria","status":"publish","type":"page","link":"http:\/\/www.foyerdecaridad.cl\/tome\/?page_id=31","title":{"rendered":"Editorial"},"content":{"rendered":"<h1 style=\"text-align: center;\">Vidas de Santos<\/h1>\n<h4 style=\"text-align: center;\">Colecci\u00f3n &#8220;Honor de Dios&#8221;<\/h4>\n<div align=\"center\"><img class=\"ImgSize1\" src=\"http:\/\/www.foyerdecaridad.cl\/Honor\/001CatalinaL.jpg\" alt=\"\" \/><\/div>\n<p><span class=\"TitLibros\">1. Catalina Laboure y la Medalla Milagrosa<br \/>\n<\/span><span class=\"Comentario\">Religiosa de las Hijas de la Caridad, de San Vicente de Paul. Gracias a ella se difundi\u00f3 en todo el mundo la Medalla Milagrosa que la Virgen le pidi\u00f3 mandar a acu\u00f1ar. De una discreci\u00f3n \u00fanica, pues, siendo ella quien recibi\u00f3 la aparici\u00f3n de la Virgen, ni sus mismas hermanas de comunidad lo sab\u00edan.<\/span><\/p>\n<div align=\"center\"><img class=\"ImgSize1\" src=\"http:\/\/www.foyerdecaridad.cl\/Honor\/002SanMaximilianoKolbe.jpg\" alt=\"\" \/><\/div>\n<p><span class=\"TitLibros\">2. San Maximiliano Kolbe<br \/>\n<span class=\"Comentario\">Del coraz\u00f3n de Polonia, pa\u00eds que sufri\u00f3 y luch\u00f3 valientemente por su fe bajo la persecuci\u00f3n comunista, surgi\u00f3 bajo la opresi\u00f3n de Hitler, esta figura luminosa. Sacerdote franciscano, a los 47 a\u00f1os de edad sell\u00f3 su vida con su martirio en beneficio de un padre de familia en un campo de exterminio nazi, en Auschwitz y ayud\u00f3 a morir a los otros nueve condenados y como sacerdote cat\u00f3lico los toma a todos a su cargo, no solo a los nueve de su grupo sino a tantos prisioneros.<\/span><\/span><\/p>\n<div align=\"center\"><img class=\"ImgSize1\" src=\"http:\/\/www.foyerdecaridad.cl\/Honor\/003Fatima.jpg\" alt=\"\" \/><\/div>\n<p><span class=\"TitLibros\">3. F\u00e1tima. El Cielo Habla a la Tierra<br \/>\n<span class=\"Comentario\">(Portugal- 1917) La m\u00e1s famosa aparici\u00f3n de la Virgen en los tiempos modernos. Se destacan especialmente los mensajes secretos reci\u00e9n revelados el a\u00f1o 2000, que hab\u00eda mantenido en suspenso al mundo entero. De los tres vidente, Jacinta y Francisco son beatificados y Luc\u00eda reci\u00e9n fallecida (2005) en espera tambi\u00e9n de su beatificaci\u00f3n.<\/span><\/span><\/p>\n<div align=\"center\"><img class=\"ImgSize1\" src=\"http:\/\/www.foyerdecaridad.cl\/Honor\/004Teresita.jpg\" alt=\"\" \/><\/div>\n<p><span class=\"TitLibros\">4. Santa Teresita de Lisieux<br \/>\n<span class=\"Comentario\">Es la \u00faltima de una familia de 9 hijos. Entr\u00f3 en el Carmelo de Lisieux a los 15 a\u00f1os. Frente a una espiritualidad de su tiempo que fomentaba un temor rigorista hacia Dios, descubri\u00f3 el caminito de confianza filial en Dios marcando profundamente la \u00e9poca moderna y d\u00e1ndolo a conocer al mundo entero en su libro: &#8220;Historia de un alma&#8221;. Es Patrona de las Misiones y Doctora de la Iglesia.<\/span><\/span><\/p>\n<div align=\"center\"><img class=\"ImgSize1\" src=\"http:\/\/www.foyerdecaridad.cl\/Honor\/005Bernardita.jpg\" alt=\"\" \/><\/div>\n<p><span class=\"TitLibros\">5. Santa Bernardita de Lourdes<br \/>\n<span class=\"Comentario\">La Virgen se le apareci\u00f3 en 1858 y d\u00e1ndose a conocer como la &#8220;Inmaculada Concepci\u00f3n&#8221;. En este mismo lugar brot\u00f3 una fuente donde se realizan miles de milagros, tanto f\u00edsicos como espirituales. Es el lugar de peregrinaci\u00f3n mariana m\u00e1s importante de Francia y del mundo.<\/span><\/span><\/p>\n<div align=\"center\"><img class=\"ImgSize1\" src=\"http:\/\/www.foyerdecaridad.cl\/Honor\/007MartindePorres.jpg\" alt=\"\" \/><\/div>\n<p><span class=\"TitLibros\">7. San Mart\u00edn de Porres<br \/>\n<span class=\"Comentario\">Peruano, naci\u00f3 en Lima en Diciembre de 1579, hermano Lego de la congregaci\u00f3n de los Dominicos. Se dedicaba a pedir limosna y a repartir lo obtenido a los pobres. Su dedicaci\u00f3n especial fue como hermano enfermero. Rezaba y hac\u00eda mucha penitencia.<\/span><\/span><\/p>\n<div align=\"center\"><img class=\"ImgSize1\" src=\"http:\/\/www.foyerdecaridad.cl\/Honor\/009SanSebastian.jpg\" alt=\"\" \/><\/div>\n<p><span class=\"TitLibros\">9. San Sebasti\u00e1n : &#8220;M\u00e1rtir de la Iglesia&#8221;<br \/>\n<span class=\"Comentario\">Soldado del Imperio Romano, y tambi\u00e9n soldado de Cristo. Visitaba a los cristianos que estaban encarcelados por sus creencias. Sufri\u00f3 el martirio en el siglo III, en Roma. En Chile es muy venerado, especialmente en Yumbel (8va. Regi\u00f3n).<\/span><\/span><\/p>\n<div align=\"center\"><img class=\"ImgSize1\" src=\"http:\/\/www.foyerdecaridad.cl\/Honor\/010CuradeArs.jpg\" alt=\"\" \/><\/div>\n<p><span class=\"TitLibros\">10. El Santo Cura de Ars<br \/>\n<span class=\"Comentario\">Su nombre es San Juan Mar\u00eda Vianney. Despu\u00e9s de muchas dificultades con sus estudios en el seminario, fue ordenado sacerdote y le confiaron la parroquia de Ars, donde se entreg\u00f3 en la penitencia y el sacrificio para evangelizar a ese pueblo. Confesaba 15 horas diarias. Es Patrono de los P\u00e1rrocos.<\/span><\/span><\/p>\n<div align=\"center\"><img class=\"ImgSize1\" src=\"http:\/\/www.foyerdecaridad.cl\/Honor\/011VirgendeGuadalupe.jpg\" alt=\"\" \/><\/div>\n<p><span class=\"TitLibros\">11. Nuestra Se\u00f1ora de Guadalupe<br \/>\n<span class=\"Comentario\">Se apareci\u00f3 en M\u00e9xico, a Juan Diego en 1531, a quien le dijo: &#8220;\u00bfNo estoy aqu\u00ed yo que soy tu Madre?&#8221;. Y cuando el indio le pidi\u00f3 una se\u00f1al que el obispo solicitaba, Ella lo mand\u00f3 a cortar rosas en un cerro \u00e1rido\u00ef\u00bf\u00bd Al llev\u00e1rselas al Obispo y al abrir su manta, las rosas cayeron al suelo y se dibuj\u00f3 milagrosamente la Imagen de la Virgen de la Guadalupe.<\/span><\/span><\/p>\n<div align=\"center\"><img class=\"ImgSize1\" src=\"http:\/\/www.foyerdecaridad.cl\/Honor\/012FransiscodeAsis.jpg\" alt=\"\" \/><\/div>\n<p><span class=\"TitLibros\">12. San Francisco de Asis<br \/>\n<span class=\"Comentario\">Naci\u00f3 en 1182 en Italia. El Hermano Francisco, quiso vivir pobre y humilde, fund\u00f3 la Orden de los Hermanos Menores conocida como Los Franciscanos. Tuvo los estigmas de Cristo. El comenz\u00f3 a hacer el primer pesebre de Navidad.<\/span><\/span><\/p>\n<div align=\"center\"><img class=\"ImgSize1\" src=\"http:\/\/www.foyerdecaridad.cl\/Honor\/013SanPioX2.jpg\" alt=\"\" \/><\/div>\n<p><span class=\"TitLibros\">13. San P\u00edo X<br \/>\n<span class=\"Comentario\">Jos\u00e9 Sarto, \u00bfQui\u00e9n hubiera pensado que el peque\u00f1o campesino de Riesse ser\u00eda un d\u00eda el Pastor del inmenso pueblo de Dios? Es conocido como el Papa que permiti\u00f3 dar la Primera Comuni\u00f3n a los ni\u00f1os peque\u00f1os e invitaba a los cristianos a comulgar diariamente. Lo llaman el Papa de la Eucarist\u00eda.<\/span><\/span><\/p>\n<div align=\"center\"><img class=\"ImgSize1\" src=\"http:\/\/www.foyerdecaridad.cl\/Honor\/014San-Norberto2.jpg\" alt=\"\" \/><\/div>\n<p><span class=\"TitLibros\">14. San Norberto<br \/>\n<span class=\"Comentario\">Naci\u00f3 en Xanten (Alemania) el a\u00f1o 1080. Con muchos t\u00edtulos, renta segura, buenas facciones y adem\u00e1s perteneciente a la nobleza, pasaba su vida entre el lujo, los honores, las fiestas, hasta que tuvo &#8220;su Damasco&#8221; como San Pablo. Es Fundador de la Congregaci\u00f3n de Los Norbertinos o Premonstratenses.<\/span><\/span><\/p>\n<div align=\"center\"><img class=\"ImgSize1\" src=\"http:\/\/www.foyerdecaridad.cl\/Honor\/015SanBenito.jpg\" alt=\"\" \/><\/div>\n<p><span class=\"TitLibros\">15. San Benito<br \/>\n<span class=\"Comentario\">Fue primero ermita\u00f1o, vivi\u00f3 solo en una gruta. Despu\u00e9s con un grupo de j\u00f3venes edific\u00f3 el primer monasterio en Montecasino y escribi\u00f3 la Regla cuya difusi\u00f3n le vali\u00f3 el t\u00edtulo de Patriarca del Monaquismo Occidental. Le llaman el Padre de Europa. Fundador de Los Monasterios Benedictinos y muy conocido por el lema: &#8220;Ora y labora&#8221;.<\/span><\/span><\/p>\n<div align=\"center\"><img class=\"ImgSize1\" src=\"http:\/\/www.foyerdecaridad.cl\/Honor\/016DgodeGuzman.jpg\" alt=\"\" \/><\/div>\n<p><span class=\"TitLibros\">16. Santo Domingo de Guzm\u00e1n<br \/>\n<span class=\"Comentario\">Fundador de la Orden de los Predicadores o Dominicos. Tuvo que enfrentarse en Francia con muchos herejes. Dec\u00eda que la tierra deb\u00eda ser regada con muchos Ave Mar\u00edas para que sus predicaciones dieran fruto. La Madre de Dios, en persona, le ense\u00f1\u00f3 a rezar el rosario en el a\u00f1o 1208 y le dijo que propagara esta devoci\u00f3n y la utilizara como arma poderosa en contra de los enemigos de la Fe.<\/span><\/span><\/p>\n<div align=\"center\"><img class=\"ImgSize1\" src=\"http:\/\/www.foyerdecaridad.cl\/Honor\/017MarcelinoCh.jpg\" alt=\"\" \/><\/div>\n<p><span class=\"TitLibros\">17. San Marcelino Champagnat<br \/>\n<span class=\"Comentario\">Naci\u00f3 y vivi\u00f3 en la \u00e9poca de la revoluci\u00f3n Francesa. Se dedic\u00f3 a la formaci\u00f3n de los j\u00f3venes, de ah\u00ed la necesidad de Fundar el Instituto de los Hermanos Maristas. Animado por una fe ardiente quiso renovar su parroquia con un gran amor a la Virgen y a la Santa Eucarist\u00eda.<\/span><\/span><\/p>\n<div align=\"center\"><img class=\"ImgSize1\" src=\"http:\/\/www.foyerdecaridad.cl\/Honor\/019HnoEugenio.jpg\" alt=\"\" \/><\/div>\n<p><span class=\"TitLibros\">19. Hno. Eugenio E. &#8211; 1er Evangelizador de la Isla de Pascua<br \/>\n<span class=\"Comentario\">Evangelizador -franc\u00e9s- de la Isla de Pascua. Es Hermano de Los Sagrados Corazones, fue abandonado en la Isla de Pascua y esclavizado por un isle\u00f1o, lo que no le impidi\u00f3 catequizar a los habitantes del lugar. Muri\u00f3 cuando se le anunciaba que el \u00faltimo pascuense hab\u00eda sido bautizado.<\/span><\/span><\/p>\n<div align=\"center\"><img class=\"ImgSize1\" src=\"http:\/\/www.foyerdecaridad.cl\/Honor\/020CarlosdeFoucauld1.jpg\" alt=\"\" \/><\/div>\n<p><span class=\"TitLibros\">20. Carlos de Foucauld<br \/>\n<span class=\"Comentario\">Despu\u00e9s de una vida bastante desordenada, se convirti\u00f3 y vivi\u00f3 como Ermita\u00f1o en el desierto en Tamanraset, en medio de los pobres. Su principal ocupaci\u00f3n era la adoraci\u00f3n Eucar\u00edstica hasta 8 horas diarias. Fue ordenado sacerdote en 1900 y permaneci\u00f3 entre los \u00e1rabes celebrando muchas veces solo su Misa. Muri\u00f3 asesinado y fue beatificado en Noviembre 2005. Siguen su inspiraci\u00f3n y espiritualidad Los Hermanitos y las Hermanitas de Jes\u00fas.<\/span><\/span><\/p>\n<div align=\"center\"><img class=\"ImgSize1\" src=\"http:\/\/www.foyerdecaridad.cl\/Honor\/021StaTeresaAvila.jpg\" alt=\"\" \/><\/div>\n<p><span class=\"TitLibros\">21. Santa Teresa de \u00c1vila<br \/>\n<span class=\"Comentario\">Conocida como la Reformadora y Fundadora de muchos Carmelos en Espa\u00f1a, junto con San Juan de la Cruz. Fray Juan fund\u00f3 el primer convento de frailes Carmelitas descalzos. Proclamada por la Iglesia: Maestra de Oraci\u00f3n, por sus libros &#8220;El Camino de la Perfecci\u00f3n&#8221; y &#8220;Las Moradas&#8221;. Es la primera mujer nombrada el a\u00f1o 1967: &#8220;Doctora de la Iglesia&#8221;.<\/span><\/span><\/p>\n<div align=\"center\"><img class=\"ImgSize1\" src=\"http:\/\/www.foyerdecaridad.cl\/Honor\/022SantaRita.jpg\" alt=\"\" \/><\/div>\n<p><span class=\"TitLibros\">22. Santa Rita de Cascia<br \/>\n<span class=\"Comentario\">Esposa y Madre. Tuvo que sufrir mucho por el car\u00e1cter de su esposo y luego por sus hijos. Cuando ellos fallecieron por una gracia especial pudo entrar al monasterio de las religiosas Agustinas. Es patrona de los casos imposibles.<\/span><\/span><\/p>\n<div align=\"center\"><img class=\"ImgSize1\" src=\"http:\/\/www.foyerdecaridad.cl\/Honor\/023Monfort.jpg\" alt=\"\" \/><\/div>\n<p><span class=\"TitLibros\">23. San Luis de Montfort<br \/>\n<span class=\"Comentario\">Gran devoto de Mar\u00eda, autor del &#8220;Tratado de la Verdadera Devoci\u00f3n a la Virgen Mar\u00eda&#8221;, el libro de cabecera del Papa Juan Pablo II y de mayor circulaci\u00f3n en el mundo sobre la Virgen Mar\u00eda. Fundador de los Padre Montfortianos y de las Hermanas de la Sabidur\u00eda.<\/span><\/span><\/p>\n<div align=\"center\"><img class=\"ImgSize1\" src=\"http:\/\/www.foyerdecaridad.cl\/Honor\/024Catalinaportata.jpg\" alt=\"\" \/><\/div>\n<p><span class=\"TitLibros\">24. Santa Catalina de Siena<br \/>\n<span class=\"Comentario\">La pen\u00faltima de 24 hermanos. Por sus escritos de vida interior es nombrada &#8220;Doctora de la Iglesia&#8221;. Una de las Santas m\u00e1s grandes de la Iglesia que ha sido favorecida por los mensajes del Padre Dios. Por sus reiteradas peticiones alcanza el regreso definitivo de los Papas desde Avignon a Roma. Muri\u00f3 a los 33 a\u00f1os de edad.<\/span><\/span><\/p>\n<div align=\"center\"><img class=\"ImgSize1\" src=\"http:\/\/www.foyerdecaridad.cl\/Honor\/025MargaritaM.jpg\" alt=\"\" \/><\/div>\n<p><span class=\"TitLibros\">25. Sta. Margarita Mar\u00eda y el Sagrado Coraz\u00f3n<br \/>\n<span class=\"Comentario\">Religiosa de la Visitaci\u00f3n, que en Paray-Le-Monial (Francia), recibi\u00f3 la aparici\u00f3n del Sagrado Coraz\u00f3n de Jes\u00fas; este Coraz\u00f3n que tanto am\u00f3 a los hombres y que s\u00f3lo recibe desprecio e ingratitudes. Para consolarlo el Se\u00f1or pide que difunda la comuni\u00f3n los Primeros Viernes del mes.<\/span><\/span><\/p>\n<div align=\"center\"><img class=\"ImgSize1\" src=\"http:\/\/www.foyerdecaridad.cl\/Honor\/026SanIgnacio2.jpg\" alt=\"\" \/><\/div>\n<p><span class=\"TitLibros\">26. San Ignacio de Loyola<br \/>\n<span class=\"Comentario\">Santo Espa\u00f1ol, que herido en la batalla de Manresa se dedic\u00f3 a una larga meditaci\u00f3n que lo convirti\u00f3. Conocido por los retiros Ignacianos, es el fundador de la Orden de los Jesuitas, que tienen como lema: &#8220;A la mayor Gloria de Dios&#8221;.<\/span><\/span><\/p>\n<div align=\"center\"><img class=\"ImgSize1\" src=\"http:\/\/www.foyerdecaridad.cl\/Honor\/027LaSalette.jpg\" alt=\"\" \/><\/div>\n<p><span class=\"TitLibros\">27. La Salette<br \/>\n<span class=\"Comentario\">Aparici\u00f3n de la Virgen en Francia a dos Pastorcitos: Maximiliano y Melania. La Virgen llora y les dice que no se respeta el domingo, como d\u00eda del Se\u00f1or, que lo trabajan como cualquier d\u00eda, por eso las cosechas ser\u00e1n vanas, porque se les dio seis d\u00edas para trabajar y el s\u00e9ptimo d\u00eda es para dar gloria a Dios, primeramente asistiendo a la Misa.<\/span><\/span><\/p>\n<div align=\"center\"><img class=\"ImgSize1\" src=\"http:\/\/www.foyerdecaridad.cl\/Honor\/028JuanadeArco.jpg\" alt=\"\" \/><\/div>\n<p><span class=\"TitLibros\">28. Santa Juana de Arco<br \/>\n<span class=\"Comentario\">Tuvo una vocaci\u00f3n poco com\u00fan, San Miguel Arc\u00e1ngel le pide de parte de Dios liberar a Francia de los ingleses. A los 17 a\u00f1os, sale a la cabeza de un ej\u00e9rcito. La doncella de Domremy liber\u00f3 a Francia; lo consigui\u00f3 liberando primeramente a las tropas del mal y del pecado. Muri\u00f3 quemada en la hoguera, pronunciando tres veces el Santo nombre de Jes\u00fas.<\/span><\/span><\/p>\n<div align=\"center\"><img class=\"ImgSize1\" src=\"http:\/\/www.foyerdecaridad.cl\/Honor\/029SanFcoSales.jpg\" alt=\"\" \/><\/div>\n<p><span class=\"TitLibros\">29. San Francisco de Sales<br \/>\n<span class=\"Comentario\">Tuvo que enfrentarse a los Calvinistas (protestantes) que arrasaban a los cat\u00f3licos con falsas teor\u00edas. Muchos volvieron a la fe. Obispo de Ginebra, predicador famoso, es conocido como el santo de la humildad y de la dulzura. Nos ense\u00f1a que la primera victoria es sobre uno mismo. Fundador de las Hermanas de la Visitaci\u00f3n. Autor de la &#8220;Introducci\u00f3n a la Vida Devota&#8221;.<\/span><\/span><\/p>\n<div align=\"center\"><img class=\"ImgSize1\" src=\"http:\/\/www.foyerdecaridad.cl\/Honor\/032CFrancheville.jpg\" alt=\"\" \/><\/div>\n<p><span class=\"TitLibros\">32. Catherine de Francheville<br \/>\n<span class=\"Comentario\">Naci\u00f3 en Breta\u00f1a en 1620. Al morir sus padres, qued\u00f3 con una casa grande y bien acomodada. Y buscando lo que el Se\u00f1or quer\u00eda para ella, empez\u00f3 en 1665 a recibir en su casa a mujeres para formarlas. Es all\u00ed que empez\u00f3 los retiros espirituales para mujeres. Fundadora de la Congregaci\u00f3n de &#8220;La Retraite&#8221;<\/span><\/span><\/p>\n<div align=\"center\"><img class=\"ImgSize1\" src=\"http:\/\/www.foyerdecaridad.cl\/Honor\/033FranciscoJavier.jpg\" alt=\"\" \/><\/div>\n<p><span class=\"TitLibros\">33. San Francisco Javier, Patrono de las Misiones<br \/>\n<span class=\"Comentario\">Santo jesuita que se uni\u00f3 al grupo de San Ignacio de Loyola, gran evangelizador en la India y Jap\u00f3n. Muri\u00f3 en 1552 en las Islas Sanci\u00e1n, a las puertas de China. Es el patrono de las Misiones.<\/span><\/span><\/p>\n<div align=\"center\"><img class=\"ImgSize1\" src=\"http:\/\/www.foyerdecaridad.cl\/Honor\/034SanPablo.jpg\" alt=\"\" \/><\/div>\n<p><span class=\"TitLibros\">34. San Pablo Ap\u00f3stol<br \/>\n<span class=\"Comentario\">De perseguidor de los cristianos se convirti\u00f3 en el gran Ap\u00f3stol de Jesucristo, encargado de evangelizar a los gentiles. Prueba de ello son las numerosas cartas que dej\u00f3 a todas las ciudades por donde pasaba, de las cuales a\u00fan hoy la Iglesia se alimenta. Muri\u00f3 decapitado, en Roma.<\/span><\/span><\/p>\n<div align=\"center\"><img class=\"ImgSize1\" src=\"http:\/\/www.foyerdecaridad.cl\/Honor\/035Santos3.jpg\" alt=\"\" \/><\/div>\n<p><span class=\"TitLibros\">35. San Blas &#8211; San Ram\u00f3n &#8211; San Cristobal<br \/>\n<span class=\"Comentario\">San Ram\u00f3n, lo invocan las mam\u00e1s que van a dar a luz, porque \u00e9l es un hijo que sacaron del vientre de su madre ya muerta. A San Blas se le pide por las afecciones a la garganta y a San Crist\u00f3bal, se le invoca como patrono de los viajeros porque llev\u00f3 a Cristo en sus hombros.<\/span><\/span><\/p>\n<div align=\"center\"><img class=\"ImgSize1\" src=\"http:\/\/www.foyerdecaridad.cl\/Honor\/037StaRosaLima.jpg\" alt=\"\" \/><\/div>\n<p><span class=\"TitLibros\">37. Santa Rosa de Lima<br \/>\n<span class=\"Comentario\">Desde muy peque\u00f1a hizo voto de virginidad, se amarr\u00f3 un cilicio a la cintura y lo fij\u00f3 con un candado; la llave la tir\u00f3 al pozo de su casa. Hac\u00eda muchas penitencias por amor al Se\u00f1or. Visti\u00f3 el h\u00e1bito de Santo Domingo. Muri\u00f3 el 24 de Agosto de 1617.<\/span><\/span><\/p>\n<div align=\"center\"><img class=\"ImgSize1\" src=\"http:\/\/www.foyerdecaridad.cl\/Honor\/038Marta.jpg\" alt=\"\" \/><\/div>\n<p><span class=\"TitLibros\">38. Marta Robin &#8211; Inspiradora de los Foyers<br \/>\n<span class=\"Comentario\">Despu\u00e9s de una larga enfermedad que la fue dejando paralizada poco a poco, recibi\u00f3 la visita del Se\u00f1or que le pidi\u00f3 si quer\u00eda ser como \u00c9l. Al aceptar, recibi\u00f3 los estigmas del Se\u00f1or. Junto con el Padre Finet, son los fundadores de Los Foyers de Caridad, extendidos en todo el mundo, y que tienen por vocaci\u00f3n predicar retiros para la formaci\u00f3n de los ap\u00f3stoles del mundo moderno.<\/span><\/span><\/p>\n<div align=\"center\"><img class=\"ImgSize1\" src=\"http:\/\/www.foyerdecaridad.cl\/Honor\/039AlfonsodeLigorio.jpg\" alt=\"\" \/><\/div>\n<p><span class=\"TitLibros\">39. San Alfonso de Ligorio, Fundador de los Redentoristas<br \/>\n<span class=\"Comentario\">Naci\u00f3 en N\u00e1poles el a\u00f1o 1696. Despu\u00e9s de ejercer como abogado, perdi\u00f3 una causa, porque el contrincante la hab\u00eda falsificado. \u00ef\u00bf\u00bdMundo, te conozco\u00ef\u00bf\u00bd Tribunales\u00ef\u00bf\u00bd no me volver\u00e1n a ver!. .. Fue ordenado sacerdote, fundador de los Redentoristas, es Doctor y Obispo de la Iglesia<\/span><\/span><\/p>\n<div align=\"center\"><img class=\"ImgSize1\" src=\"http:\/\/www.foyerdecaridad.cl\/Honor\/041LauraVicuna.jpg\" alt=\"\" \/><\/div>\n<p><span class=\"TitLibros\">41. Laura Vicu\u00f1a<br \/>\n<span class=\"Comentario\">Muri\u00f3 a los 13 a\u00f1os. Dios hab\u00eda aceptado el sacrificio que ella hizo de su vida para salvar el alma de su madre que viv\u00eda en concubinato. Fue formada en el colegio salesiano de Mar\u00eda Auxiliadora y siendo chilena, muri\u00f3 en Argentina el 22 de Enero de 1904.<\/span><\/span><\/p>\n<div align=\"center\"><img class=\"ImgSize1\" src=\"http:\/\/www.foyerdecaridad.cl\/Honor\/042PedroClaver.jpg\" alt=\"\" \/><\/div>\n<p><span class=\"TitLibros\">42. San Pedro Claver<br \/>\n<span class=\"Comentario\">Naci\u00f3 en Espa\u00f1a en 1580, entr\u00f3 a la Compa\u00f1\u00eda de Jes\u00fas (los Jesuitas) y parti\u00f3 como misionero a Colombia, Cartagena. Ah\u00ed se dedic\u00f3 a atender a los esclavos negros que llegaban en los barcos y el mismo termin\u00f3 su vida como esclavo de los esclavos.<\/span><\/span><\/p>\n<div align=\"center\"><img class=\"ImgSize1\" src=\"http:\/\/www.foyerdecaridad.cl\/Honor\/043PadreDamian.jpg\" alt=\"\" \/><\/div>\n<p><span class=\"TitLibros\">43. Padre Dami\u00e1n, Ap\u00f3stol de los Leprosos<br \/>\n<span class=\"Comentario\">Sacerdote belga de la Congregaci\u00f3n de los Sagrados Corazones. Viendo el abandono en el cual estaban los leprosos en la Isla Molokai, parte definitivamente a vivir con ellos y les ayuda a llevar sus sufrimientos. Contagiado por la lepra muere el 15 de abril de 1889.<\/span><\/span><\/p>\n<div align=\"center\"><img class=\"ImgSize1\" src=\"http:\/\/www.foyerdecaridad.cl\/Honor\/044SanBernardo.jpg\" alt=\"\" \/><\/div>\n<p><span class=\"TitLibros\">44. San Bernardo de Claraval<br \/>\n<span class=\"Comentario\">Despu\u00e9s de la muerte de su madre decidi\u00f3 ser monje campesino, atrajo a muchos a seguirlo. A los 25 a\u00f1os de edad ya era el Superior de la Abad\u00eda cisterciense. Se le considera un apaciguador, pacificador. Muy amante de la Virgen, por sus hermosos escritos se le nombr\u00f3 Doctor de la Iglesia.<\/span><\/span><\/p>\n<div align=\"center\"><img class=\"ImgSize1\" src=\"http:\/\/www.foyerdecaridad.cl\/Honor\/045JacquesFesch.jpg\" alt=\"\" \/><\/div>\n<p><span class=\"TitLibros\">45. Jacques Fesh &#8211; Del Crimen a la Santidad<br \/>\n<span class=\"Comentario\">Del crimen a la santidad: Joven franc\u00e9s, mal educado, insaciable de bienes materiales lleg\u00f3 a robar y matar para conseguir lo que \u00e9l quer\u00eda. Fue condenado a pena de muerte. Ah\u00ed en la c\u00e1rcel encontr\u00f3 finalmente a Cristo e hizo una ascensi\u00f3n espiritual extraordinaria; escribi\u00f3 cartas muy emocionantes a su hija, a su esposa y a un hermano en la fe, benedictino. Fue guillotinado el 1o de octubre de 1957. Lo \u00faltimo que escribi\u00f3 fue: &#8220;En cinco horas voy a ver a Cristo&#8221;.<\/span><\/span><\/p>\n<div align=\"center\"><img class=\"ImgSize1\" src=\"http:\/\/www.foyerdecaridad.cl\/Honor\/046StaTeresaAndes.jpg\" alt=\"\" \/><\/div>\n<p><span class=\"TitLibros\">46. Santa Teresa de los Andes<br \/>\n<span class=\"Comentario\">Juanita Fern\u00e1ndez, naci\u00f3 el 13 de Julio de 1900 en Santiago de Chile, llev\u00f3 una vida de santidad en su familia, en su colegio. Entr\u00f3 al Carmelo de Los Andes a los 19 a\u00f1os de edad y alcanz\u00f3 a permanecer ah\u00ed s\u00f3lo 9 meses. Falleci\u00f3 el 12 de abril de 1920. Canonizada por el Papa Juan Pablo II el 21 de marzo de 1993.<\/span><\/span><\/p>\n<div align=\"center\"><img class=\"ImgSize1\" src=\"http:\/\/www.foyerdecaridad.cl\/Honor\/047SorFaustina.jpg\" alt=\"\" \/><\/div>\n<p><span class=\"TitLibros\">47. Sor Faustina<br \/>\n<span class=\"Comentario\">Santa Polaca que propag\u00f3 en el mundo entero la Imagen de Jes\u00fas Misericordioso, con los rayos blancos y rojos, que representan el agua y la sangre que brotaron del coraz\u00f3n agonizante de Jes\u00fas. El primer domingo despu\u00e9s de Pascua de Resurrecci\u00f3n es la fiesta de la Misericordia. Jes\u00fas prometi\u00f3 grandes gracias a quienes honren y veneren esta imagen.<\/span><\/span><\/p>\n<div align=\"center\"><img class=\"ImgSize1\" src=\"http:\/\/www.foyerdecaridad.cl\/Honor\/048VirgendeMedjugorie.jpg\" alt=\"\" \/><\/div>\n<p><span class=\"TitLibros\">48. La Virgen nos Habla en Medjugorie<br \/>\n<span class=\"Comentario\">Desde el 24 de junio de 1981 seis j\u00f3venes de Medjugorje (ex Yugoslavia) ven la Virgen, la Gospa, como le llaman en su idioma. La Virgen nos recuerda los mensajes de siempre, conversi\u00f3n, vida sacramental, oraci\u00f3n, sobriedad. Innumerables son los peregrinos que acuden all\u00e1 y hay muchas conversiones. Les aconsejamos leer &#8220;El triunfo del Coraz\u00f3n&#8221; de Soer Emmanuel.<\/span><\/span><\/p>\n<div align=\"center\"><img class=\"ImgSize1\" src=\"http:\/\/www.foyerdecaridad.cl\/Honor\/049JuanaJugan1.jpg\" alt=\"\" \/><\/div>\n<p><span class=\"TitLibros\">49. Juana Jugan, Fundadora de las Hermanitas de los Pobres<br \/>\n<span class=\"Comentario\">Religiosa francesa que naci\u00f3 en 1792 y fund\u00f3 la Congregaci\u00f3n de &#8220;Las Hermanitas de los pobres&#8221;. El Papa Juan Pablo II al beatificarla en Octubre de 1982 dijo de ella: &#8220;Pobre de bienes pero rica en la fe Juana Jugan reconoci\u00f3 la voz de Dios&#8221;.<\/span><\/span><\/p>\n<div align=\"center\"><img class=\"ImgSize1\" src=\"http:\/\/www.foyerdecaridad.cl\/Honor\/050Anselmo.jpg\" alt=\"\" \/><\/div>\n<p><span class=\"TitLibros\">50. Anselmo Polanco, Obispo M\u00e1rtir de la Guerra Civil Espa\u00f1ola<br \/>\n<span class=\"Comentario\">Obispo Agustino, muri\u00f3 en la revoluci\u00f3n espa\u00f1ola de 1936, junto a otras 42 v\u00edctimas. El jefe del partido comunista, en su discurso del 8 de agosto de 1936 dijo: &#8220;Hemos resuelto el problema de Espa\u00f1a yendo a la ra\u00edz: hemos suprimido los sacerdotes, las Iglesias y el culto&#8221; . Fue beatificado el 1 de octubre de 1995.<\/span><\/span><\/p>\n<div align=\"center\"><img class=\"ImgSize1\" src=\"http:\/\/www.foyerdecaridad.cl\/Honor\/051VirgenPobres.jpg\" alt=\"\" \/><\/div>\n<p><span class=\"TitLibros\">51. La Virgen de los Pobres de Banneux<br \/>\n<span class=\"Comentario\">&#8220;Madre del Salvador, Madre de Dios&#8221;, apariciones en Banneux (B\u00e9lgica). En 1933, la Virgen se le aparece a una ni\u00f1a, Marieta, para pedirle que rece mucho, y le dice que har\u00e1 brotar una fuente para aliviar a los enfermos.<\/span><\/span><\/p>\n<div align=\"center\"><img class=\"ImgSize1\" src=\"http:\/\/www.foyerdecaridad.cl\/Honor\/052BeatitaBenavides.jpg\" alt=\"\" \/><\/div>\n<p><span class=\"TitLibros\">52. Beatita Benavides de Quillota<br \/>\n<span class=\"Comentario\">Mar\u00eda del Carmen Benavides es la gloria de Quillota, naci\u00f3 en esta ciudad el a\u00f1o 1777. A los 18 a\u00f1os se inscribi\u00f3 en la Tercera Orden de Santo Domingo. Una cristiana, con una caridad sin fronteras.<\/span><\/span><\/p>\n<div align=\"center\"><img class=\"ImgSize1\" src=\"http:\/\/www.foyerdecaridad.cl\/Honor\/054SanAntonioPadua.jpg\" alt=\"\" \/><\/div>\n<p><span class=\"TitLibros\">54. San Antonio de Padua<br \/>\n<span class=\"Comentario\">Conocido como Antonio de Padua, pero naci\u00f3 en Lisboa (Portugal). Entr\u00f3 a Los Franciscanos. Por sus dotes de predicador lo enviaron a Evangelizar el Norte de Italia y Francia. Es conocido por el santo de las cosas perdidas.<\/span><\/span><\/p>\n<div align=\"center\"><img class=\"ImgSize1\" src=\"http:\/\/www.foyerdecaridad.cl\/Honor\/055LuisaMarillac.jpg\" alt=\"\" \/><\/div>\n<p><span class=\"TitLibros\">55. Santa Luisa de Marillac<br \/>\n<span class=\"Comentario\">La vida de Luisa es la ilustraci\u00f3n clarividente del poder que tiene la mujer cuando utiliza sus cualidades innatas para servir y amar. San Vicente encontr\u00f3 en ella una cooperadora de mucho car\u00e1cter que le ayud\u00f3 a fundar &#8220;Las Hijas de la Caridad&#8221;. Sin hacer los votos de religiosa, para tener toda la libertad de atender a los pobres en cualquier circunstancia.<\/span><\/span><\/p>\n<div align=\"center\"><img class=\"ImgSize1\" src=\"http:\/\/www.foyerdecaridad.cl\/Honor\/057MariaGoretti.jpg\" alt=\"\" \/><\/div>\n<p><span class=\"TitLibros\">57. Santa Mar\u00eda Goretti<br \/>\n<span class=\"Comentario\">Ni\u00f1a italiana que a los 12 a\u00f1os por defender su castidad su agresor, que era su vecino, la hiri\u00f3 de muerte, con un punz\u00f3n. El d\u00eda de su canonizaci\u00f3n, 24 de junio de 1950, estaban presentes su madre y su verdugo, \u00e9ste termin\u00f3 santamente su vida. Un ejemplo para la juventud para no ceder ante la seducci\u00f3n del vicio, m\u00e1s bien luchar con firmeza por el camino de la perfecci\u00f3n cristiana.<\/span><\/span><\/p>\n<div align=\"center\"><img class=\"ImgSize1\" src=\"http:\/\/www.foyerdecaridad.cl\/Honor\/058SantaFilomena.jpg\" alt=\"\" \/><\/div>\n<p><span class=\"TitLibros\">58. Santa Filomena (Virgen y M\u00e1rtir)<br \/>\n<span class=\"Comentario\">M\u00e1rtir de los primeros siglos. Diocleciano hechizado por su belleza le dijo: &#8220;Si no me tienes como amante me tendr\u00e1s como tirano&#8221;, y como ella se resisti\u00f3, la hizo martirizar hasta que muri\u00f3. Al hacer las excavaciones en las catacumbas de Santa Priscila, el a\u00f1o 1802 encontraron su tumba con esta inscripci\u00f3n: &#8220;Pax Tecum Filumena&#8221;, se comprob\u00f3 que correspond\u00eda a una ni\u00f1a de no m\u00e1s de 14 a\u00f1os de edad. Fray Andresito de Chile fue muy devoto de esta Santa.<\/span><\/span><\/p>\n<div align=\"center\"><img class=\"ImgSize1\" src=\"http:\/\/www.foyerdecaridad.cl\/Honor\/059DomingoSavio.jpg\" alt=\"\" \/><\/div>\n<p><span class=\"TitLibros\">59. Santo Domingo Savio<br \/>\n<span class=\"Comentario\">A los 7 a\u00f1os hizo su Primera Comuni\u00f3n y escribi\u00f3 su programa de vida cristiana: &#8220;La muerte antes que el pecado&#8221;. San Juan Bosco lo tuvo entre sus alumnos. Una vez Domingo le pregunt\u00f3: \u00bfQu\u00e9 se necesita para ser santo? Y \u00e9l le contest\u00f3 m\u00e1s valent\u00eda que a\u00f1os. Muri\u00f3 a los 15 a\u00f1os y fue canonizado en 1957.<\/span><\/span><\/p>\n<div align=\"center\"><img class=\"ImgSize1\" src=\"http:\/\/www.foyerdecaridad.cl\/Honor\/060TeresadeCalcuta.jpg\" alt=\"\" \/><\/div>\n<p><span class=\"TitLibros\">60. Madre Teresa de Calcuta<br \/>\n<span class=\"Comentario\">Una mujer peque\u00f1ita pero muy grande en su amor. Se dio por entero al servicio de los m\u00e1s pobres, recogiendo a los moribundos en las calles de la India y ayud\u00e1ndoles a morir bien. En 1949 fund\u00f3 la Congregaci\u00f3n de las Hermanas Misioneras de la Caridad. Recibi\u00f3 el Premio N\u00f3bel de la Paz en Diciembre de 1979. Falleci\u00f3 el 13 de Septiembre de 1997 y fue beatificada por el Papa Juan Pablo II.<\/span><\/span><\/p>\n<div align=\"center\"><img class=\"ImgSize1\" src=\"http:\/\/www.foyerdecaridad.cl\/Honor\/062SantaAna.jpg\" alt=\"\" \/><\/div>\n<p><span class=\"TitLibros\">62. Santa Ana<br \/>\n<span class=\"Comentario\">Madre de la Sant\u00edsima Virgen Mar\u00eda. En una catequesis el Papa Juan Pablo II dijo que la Divina Revelaci\u00f3n es transmitida por cuatro pilares: La Sagrada Tradici\u00f3n, La Sagrada Escritura, El Magisterio de la Iglesia, y el sentido sobrenatural de fe de todo el pueblo de Dios. Es de la Sagrada Tradici\u00f3n que se sac\u00f3 informaci\u00f3n para hacer este libro.<\/span><\/span><\/p>\n<div align=\"center\"><img class=\"ImgSize1\" src=\"http:\/\/www.foyerdecaridad.cl\/Honor\/063JuanBautista.jpg\" alt=\"\" \/><\/div>\n<p><span class=\"TitLibros\">63. San Juan Bautista<br \/>\n<span class=\"Comentario\">Primo de Jes\u00fas, hijo de Zacar\u00edas, sacerdote del Templo y de Isabel, prima de la Virgen Mar\u00eda. Santificado desde el seno de su madre por Jes\u00fas en el seno de la Virgen Mar\u00eda; anunci\u00f3 a Cristo por su predicaci\u00f3n. Hombre austero, fue decapitado por Herodes a quien reproch\u00f3 su vida en adulterio. Es el \u00faltimo de los profetas.<\/span><\/span><\/p>\n<div align=\"center\"><img class=\"ImgSize1\" src=\"http:\/\/www.foyerdecaridad.cl\/Honor\/064SantaClara.jpg\" alt=\"\" \/><\/div>\n<p><span class=\"TitLibros\">64. Santa Clara de Asis<br \/>\n<span class=\"Comentario\">Una mujer que supo buscar la perla fina del Reino de los Cielos y vivir en la pobreza para reparar el abuso de las riquezas. Alentada por Francisco de As\u00eds, fund\u00f3 los Monasterios de las Clarisas, extendidos en todo el mundo para adorar al Se\u00f1or.<\/span><\/span><\/p>\n<div align=\"center\"><img class=\"ImgSize1\" src=\"http:\/\/www.foyerdecaridad.cl\/Honor\/065FrayAndresito.jpg\" alt=\"\" \/><\/div>\n<p><span class=\"TitLibros\">65. Fray Andresito<br \/>\n<span class=\"Comentario\">Desde Las Islas Canarias, pasando por Montevideo, lleg\u00f3 este fraile a Santiago de Chile en el a\u00f1o 1839. En el convento de la Recoleta franciscana se desempe\u00f1\u00f3 como cocinero y luego como hermano limosnero; as\u00ed fue muy conocido en Santiago por todo el bien que realizaba .<\/span><\/span><\/p>\n<div align=\"center\"><img class=\"ImgSize1\" src=\"http:\/\/www.foyerdecaridad.cl\/Honor\/066HermanWijns.jpg\" alt=\"\" \/><\/div>\n<p><span class=\"TitLibros\">66. Herman Wijns &#8220;Peque\u00f1o Sacerdote&#8221;<br \/>\n<span class=\"Comentario\">De padres muy cristianos, aprendi\u00f3 a amar a Dios desde peque\u00f1ito. Desde los cinco a\u00f1os acompa\u00f1aba a su pap\u00e1 a la Misa diaria. A los 6 a\u00f1os de edad se le permite hacer su Primera Comuni\u00f3n, luego entra a la Cruzada Eucar\u00edstica. Le llaman el peque\u00f1o sacerdote. Un ejemplo para los ni\u00f1os.<\/span><\/span><\/p>\n<div align=\"center\"><img class=\"ImgSize1\" src=\"http:\/\/www.foyerdecaridad.cl\/Honor\/067SanPatricio.jpg\" alt=\"\" \/><\/div>\n<p><span class=\"TitLibros\">67. San Patricio<br \/>\n<span class=\"Comentario\">Patrono de Irlanda. Naci\u00f3 en Gran Breta\u00f1a el a\u00f1o 385. De pastor de ovejas pas\u00f3 a ser Pastor de almas. Gran catequista, se le recuerda por la explicaci\u00f3n de la Sant\u00edsima Trinidad que ilustr\u00f3 con la hoja del tr\u00e9bol.<\/span><\/span><\/p>\n<div align=\"center\"><img class=\"ImgSize1\" src=\"http:\/\/www.foyerdecaridad.cl\/Honor\/068TestigosdelaEucaristia.jpg\" alt=\"\" \/><\/div>\n<p><span class=\"TitLibros\">68. Testigos de la Eucarist\u00eda<br \/>\n<span class=\"Comentario\">Relatos aut\u00e9nticos acerca de la Eucarist\u00eda. San Tarsicio, m\u00e1rtir de los primeros siglos de la era cristiana. La Peque\u00f1a Li, despu\u00e9s de la segunda guerra mundial en China, Juanito Betanzos en 1927 en M\u00e9xico. Santa Imelda, San Pancracio, San Estanislao Kostka, y otros relatos ver\u00eddicos recopilados por la escritora polaca Mar\u00eda Winovska.<\/span><\/span><\/p>\n<div align=\"center\"><img class=\"ImgSize1\" src=\"http:\/\/www.foyerdecaridad.cl\/Honor\/069JuanPabloII.jpg\" alt=\"\" \/><\/div>\n<p><span class=\"TitLibros\">69. Juan Pablo II<br \/>\n<span class=\"Comentario\">Primer Papa Polaco. Su pontificado fue uno de los m\u00e1s largos: de 1978 a 2005. Fue un Papa peregrino, recorri\u00f3 el mundo entero, tuvo mucha influencia por sus escritos, mucho contacto con la juventud, con distintos l\u00edderes religiosos, anunciador de la Verdad combati\u00f3 los enga\u00f1os del comunismo sufridos en su misma patria. Fue el Papa de la Virgen, su lema lo indica: \u00ef\u00bf\u00bd\u00ef\u00bf\u00bdTodo tuyo, Oh Mar\u00eda!\u00ef\u00bf\u00bd. Fue aclamado como ning\u00fan hombre lo fue, en especial en Am\u00e9rica Latina con la frase: \u00ef\u00bf\u00bd\u00ef\u00bf\u00bdJuan Pablo II, te quiere todo el mundo!?, y hasta el d\u00eda de sus funerales, la multitud clamaba: &#8220;Santo, ahora&#8221;, por lo que el Papa Benedicto XVI abri\u00f3 la causa de su Beatificaci\u00f3n.<\/span><\/span><\/p>\n<div align=\"center\"><img class=\"ImgSize1\" src=\"http:\/\/www.foyerdecaridad.cl\/Honor\/070VirgendePompeya.jpg\" alt=\"\" \/><\/div>\n<p><span class=\"TitLibros\">70. Virgen del Rosario de Pompeya<\/span><br \/>\n<span class=\"Comentario\">Seg\u00fan los estudios actuales, la ciudad de Pompeya desapareci\u00f3 de la superficie de la tierra el a\u00f1o 79 de nuestra era. En el siglo XVIII despu\u00e9s de largas excavaciones fue descubierta. Bartolo Longo, despu\u00e9s de su conversi\u00f3n escuch\u00f3 a su confesor, que le dijo: &#8220;Si quieres salvarte, propaga el Rosario&#8221;, por eso llev\u00f3 una imagen de la Virgen al valle de Pompeya y ah\u00ed comenzaron a derramarse numerosos favores de Nuestra Madre celestial.<\/span><\/p>\n<div align=\"center\"><img class=\"ImgSize1\" src=\"http:\/\/www.foyerdecaridad.cl\/Honor\/071JuanXXIII.jpg\" alt=\"\" \/><\/div>\n<p><span class=\"TitLibros\">71. El Buen Papa Juan XXIII<\/span><br \/>\n<span class=\"Comentario\">Proviene de un medio ambiente campesino y profundamente cristiano. En la II guerra mundial siendo sacerdote fue llamado a servir como Sargento-enfermero y luego capell\u00e1n. Nombrado Obispo en 1922 y Nuncio Apost\u00f3lico en Par\u00eds en 1945. Siendo Cardenal Patriarca de Venecia y con 50 a\u00f1os de sacerdote es llamado al Conclave donde es elegido Papa el a\u00f1o 1954 En el a\u00f1o 1959 inicia el Concilio Vaticano II. Su Pontificado dur\u00f3 hasta el 31 de Mayo de 1963.<\/span><\/p>\n<div align=\"center\"><img class=\"ImgSize1\" src=\"http:\/\/www.foyerdecaridad.cl\/Honor\/073SantaGemita.jpg\" alt=\"\" \/><\/div>\n<p><span class=\"TitLibros\">73. Santa Gema<\/span><br \/>\n<span class=\"Comentario\">Una joven de la ciudad de Luca (Italia), que en sus cortos 25 a\u00f1os de vida supo amar apasionadamente a Cristo y a su Cruz. Ten\u00eda una tierna devoci\u00f3n filial para la Virgen Mar\u00eda y una obediencia incondicional a la Iglesia.<\/span><\/p>\n<div align=\"center\"><img class=\"ImgSize1\" src=\"http:\/\/www.foyerdecaridad.cl\/Honor\/076SanJuanEvangelista.jpg\" alt=\"\" \/><\/div>\n<p><span class=\"TitLibros\">76. San Juan Evangelista<\/span><br \/>\n<span class=\"Comentario\">El m\u00e1s joven de los 12 ap\u00f3stoles. Fue disc\u00edpulo de Juan Bautista, y despu\u00e9s sigui\u00f3 a de Jes\u00fas . Es aquel que, en la \u00faltima Cena, se recost\u00f3 sobre el pecho del Se\u00f1or. Escribi\u00f3 el cuarto Evangelio, cartas y el Apocalipsis. Despu\u00e9s de la muerte de Jes\u00fas, vivi\u00f3 con la Virgen. Muri\u00f3 a los 90 a\u00f1os.<\/span><\/p>\n<div align=\"center\"><img class=\"ImgSize1\" src=\"http:\/\/www.foyerdecaridad.cl\/Honor\/077SantaEdithStein.jpg\" alt=\"\" \/><\/div>\n<p><span class=\"TitLibros\">77. Santa Edith Stein<\/span><br \/>\n<span class=\"Comentario\">De familla jud\u00eda, Edith fue profesora de filosof\u00eda en una Universidad en Alemania. Al leer a santa Teresa de \u00c1vila, se convirti\u00f3 al catolicismo , y se hizo carmelita. Siendo jud\u00eda, fue arrestada por los Nazis y llevada en un campo de concentraci\u00f3n, en donde muri\u00f3.<\/span><\/p>\n<div><img class=\"ImgSize1 aligncenter\" src=\"http:\/\/www.foyerdecaridad.cl\/Honor\/078SanJuandelaCruz.jpg\" alt=\"\" \/><\/div>\n<p><span class=\"TitLibros\">78. San Juan de la Cruz<\/span><br \/>\n<span class=\"Comentario\">Carmelita espa\u00f1ol. Hijo espiritual de Sta Teresa de \u00c1vila, emprendi\u00f3, ayudado por ella, la reforma de su Carmelo que se hab\u00eda relajado mucho de la regla primitiva m\u00e1s austera. Tuvo que sufrir mucho de parte de sus hermanos, que no quer\u00edan esta reforma. Escribi\u00f3 &#8220;La Noche Oscura&#8221;, de alta espiritualidad.<\/span><\/p>\n<div align=\"center\"><img class=\"ImgSize1\" src=\"http:\/\/www.foyerdecaridad.cl\/Honor\/079MariamdeBelen.jpg\" alt=\"\" \/><\/div>\n<p><span class=\"TitLibros\">79. Mariam de Bel\u00e9n<\/span><br \/>\n<span class=\"Comentario\">De familia muy cristiana, Mariam qued\u00f3 hu\u00e9rfana. Su t\u00edo la recogi\u00f3, pero fue muy duro con ella. Quej\u00e1ndose a un vecino, \u00e9ste le propuso hacerse musulmana. \u00e2\u20ac\u0153\u00c2\u00a1Jam\u00e1s! le contest\u00f3. De rabia, le dio un hachazo en la garganta y, de noche, la ech\u00f3 en la calle muerta. La Virgen la recogi\u00f3 la san\u00f3. Despu\u00e9s la ayud\u00f3. Se hizo carmelita, y fund\u00f3 el Carmelo de Bel\u00e9n.<\/span><\/p>\n<div align=\"center\"><img class=\"ImgSize1\" src=\"http:\/\/www.foyerdecaridad.cl\/Honor\/080SanJuandeDios.jpg\" alt=\"\" \/><\/div>\n<p><span class=\"TitLibros\">80. San Juan de Dios<\/span><br \/>\n<span class=\"Comentario\">Portugu\u00e9s de origen, el Se\u00c3\u00b1or lo llam\u00f3 al servicio de los enfermos a quienes cuidaba con abnegaci\u00f3n y paciencia. Fund\u00f3 la Orden Hospitalaria, y confiando en la Providencia de Dios, levant\u00f3 varios hospitales.<\/span><\/p>\n<div align=\"center\"><img class=\"ImgSize1\" src=\"http:\/\/www.foyerdecaridad.cl\/Honor\/081SantaJuanaBeretta.jpg\" alt=\"\" \/><\/div>\n<p><span class=\"TitLibros\">81. Santa Juana Beretta<\/span><br \/>\n<span class=\"Comentario\">M\u00e9dico, esposa y madre de familia, la cual, a trav\u00e9s de su vida familiar, conyugal, maternal y profesional nos habla del verdadero amor, que la llev\u00f3 a la cumbre de la santidad. Esperando su tercer hijo, descubre que tiene un tumor que amenaza la vida del beb\u00e9 y la suya propia. Entonces dijo a su marido: &#8220;Quiero que se salve el ni\u00f1o&#8221;. El coraz\u00f3n destrozado, los dos aceptaron la voluntad de Dios &#8230;<\/span><\/p>\n<p><img class=\"ImgSize1 aligncenter\" src=\"http:\/\/www.foyerdecaridad.cl\/Honor\/082SanCharbel.jpg\" alt=\"\" \/><\/p>\n<p>&nbsp;<\/p>\n<p><span class=\"TitLibros\">82. San Charbel<\/span><br \/>\n<span class=\"Comentario\">Monje, ermita\u00f1o, contemplativo del L\u00edbano, pertenece a la Orden Maronita. Es el primer santo canonizado de la Iglesia cat\u00f3lica de rito oriental. Su vida y una serie de milagros ininterrumpidos que se producen despu\u00e9s de su muerte, provocan la veneraci\u00f3n de miles de personas que piden, por su intercesi\u00f3n, toda clase de favores.<\/span><\/p>\n<p>&nbsp;<\/p>\n<p><img class=\"ImgSize1 aligncenter\" src=\"http:\/\/www.foyerdecaridad.cl\/Honor\/083SantaJuanadeChantal.jpg\" alt=\"\" \/><\/p>\n<p><span class=\"TitLibros\">83. Santa Juana de Chantal<\/span><br \/>\n<span class=\"Comentario\">Todas las mujeres pueden identificarse con Juana de Chantal, pues pas\u00f3 por todas las formas de vidas : esposa, madre, viuda, religiosa, fundadora. Mujer tanto de piedad como de buen sentido, puede revelar a cada madre de familia, el secreto de la santidad. Hija espiritual de san Francisco de Sales, fund\u00f3 con \u00e9l la Orden de la Visitaci\u00f3n<\/span><\/p>\n<p><span class=\"Comentario\">.<\/span><img class=\"ImgSize1 aligncenter\" src=\"http:\/\/www.foyerdecaridad.cl\/Honor\/084ElReyBalduino.jpg\" alt=\"\" \/><\/p>\n<p><span class=\"TitLibros\">84. El Rey Balduino<\/span><br \/>\n<span class=\"Comentario\">Hay reyes que son m\u00e1s que reyes. Son pastores de su pueblo. No s\u00f3lo reinan, sino que aman hasta dar su propia vida. Llegar\u00e1 un d\u00eda en que su secreto ser\u00e1 conocido\u00e2\u20ac\u00a6Y los hombres dir\u00e1n: &#8220;\u00a1Este hombre era un justo!&#8221;. Fue muy amado: Por su madre, la reina Astrid, por su esposa Fabiola, y m\u00e1s tarde, por el pueblo belga, que lo am\u00f3 como jam\u00e1s lo fue un rey.<\/span><\/p>\n<p><img class=\"ImgSize1 aligncenter\" src=\"http:\/\/www.foyerdecaridad.cl\/Honor\/085SantaJosefinaBakhita.jpg\" alt=\"\" \/><\/p>\n<p><span class=\"TitLibros\">85. Santa Josefina Bakhita<\/span><br \/>\n<span class=\"Comentario\">Primera santa africana. Sudanesa, de familia acomodada, tuvo una infancia feliz, hasta que, a los 7 a\u00f1os, fue raptada por dos \u00e1rabes, que la vendieron a su turno a otro \u00e1rabe &#8230; y as\u00ed, fue comprada y vendida cinco veces. El \u00faltimo comprador, un c\u00f3nsul italiano, muy cristiano, la llev\u00f3 a Italia y le dio la libertad. Su propio testimonio es la fuente hist\u00f3rica de su vida.<\/span><img class=\"ImgSize1 aligncenter\" src=\"http:\/\/www.foyerdecaridad.cl\/Honor\/086MartiresCristerosdeMexico.jpg\" alt=\"\" \/><\/p>\n<p><span class=\"TitLibros\">86. Los M\u00e1rtires Cristeros de M\u00e9xico<\/span><br \/>\n<span class=\"Comentario\">La Iglesia siempre fue perseguida. En el siglo XX tambi\u00e9n son muchos los m\u00e1rtires en los pa\u00edses marxistas. Pero conocemos poco los m\u00e1rtires de M\u00e9xico. Perseguidos por un gobierno mas\u00f3n (1926- 1929). estos valientes cristianos, prefirieron obedecer a Dios que a los hombres. Para que hablen, eran torturados, e iban a la muerte con el grito de:&#8221;\u00a1Viva Cristo Rey! &#8230;\u00a1Viva santa Mar\u00eda de Guadalupe!&#8230;&#8221;<\/span><\/p>\n<p><img class=\"ImgSize1 aligncenter\" src=\"http:\/\/www.foyerdecaridad.cl\/Honor\/087SanAntonioMClaret.jpg\" alt=\"\" \/><\/p>\n<p><span class=\"TitLibros\">87. San Antonio Mar\u00eda Claret<\/span><br \/>\n<span class=\"Comentario\">Fundador y gran predicador en Espa\u00f1a, en las Islas Canarias. Nombrado Obispo, recorri\u00f3 la isla de Cuba predicando, y fustigando los vicios y los abusos, lo que suscit\u00f3 odios de los propietarios de esclavos. Foment\u00f3 las buenas lecturas, que \u00e9l mismo escrib\u00eda y regalaba.. Nombrado consejero de la Reina de Espa\u00f1a, le vali\u00f3 las peores calumnias. Finalmente muri\u00f3 santamente en el destierro.<\/span><img class=\"ImgSize1 aligncenter\" src=\"http:\/\/www.foyerdecaridad.cl\/Honor\/088BeataAnaMariaTaigi.jpg\" alt=\"\" \/><\/p>\n<p><span class=\"TitLibros\">88. Beata Ana Mar\u00eda Taigi<\/span><br \/>\n<span class=\"Comentario\">Italiana, ha tenido una vida extraordinaria en el diario vivir de una due\u00f1a de casa. Todo eso no le impidi\u00f3 de tener una vida espiritual intensa, a parte de los muchos dones y revelaciones que Dios le dio para aconsejar y orientar a los grandes de este mundo.<\/span><\/p>\n<p><img class=\"ImgSize1 aligncenter\" src=\"http:\/\/www.foyerdecaridad.cl\/Honor\/089MartinLutero.jpg\" alt=\"\" \/><\/p>\n<p><span class=\"TitLibros\">89. Mart\u00edn Lutero<\/span><br \/>\n<span class=\"Comentario\">Monje agustino alem\u00e1n, iniciador del protestantismo, se rebel\u00f3 contra el Papa, provocando en la Iglesia una ruptura. Ninguna herej\u00eda de la Historia de la Iglesia tuvo efectos tan desastrosos como la Reforma que realiz\u00f3 Lutero. Hasta el fin de su vida tuvo un odio tremendo contra el Papa, Vicario de Cristo.<\/span><\/p>\n<p>&nbsp;<\/p>\n<h1 style=\"text-align: center;\"><a href=\"http:\/\/www.foyerdecaridad.cl\/tome\/wp-content\/uploads\/2015\/07\/90.png\"><img loading=\"lazy\" class=\"size-full wp-image-293\" src=\"http:\/\/www.foyerdecaridad.cl\/tome\/wp-content\/uploads\/2015\/07\/90.png\" alt=\"90\" width=\"142\" height=\"209\" \/><\/a><\/h1>\n<p>&nbsp;<\/p>\n<p align=\"LEFT\">90- El Padre Poppe:<\/p>\n<p align=\"LEFT\">El d\u00eda de su beatificaci\u00f3n, 3 de octubre de 1999, el Papa Juan Pablo II dijo: &#8220;voy a cantar en nombre de mi amigo un canto de amor a su vi\u00f1a&#8221;. Estas palabras se aplican al presb\u00edtero Eduardo Poppe. El se convierte hoy en el modelo para los sacerdotes, sobre todo para los de su pa\u00eds, B\u00e9lgica. Los invita a ser sacerdotes fervorosos, enamorados de Dios y de sus hermanos&#8230;<\/p>\n<p align=\"LEFT\"><b> <\/b><i><span style=\"font-family: Times Italic;\">S\u00f3lo si se dejan iluminar por Cristo, a trav\u00e9s de la Eucarist\u00eda, podr\u00e1n transmitir su luz.<\/span><\/i><\/p>\n<h1 style=\"text-align: center;\"><a href=\"http:\/\/www.foyerdecaridad.cl\/tome\/wp-content\/uploads\/2015\/07\/91.png\"><img loading=\"lazy\" class=\"size-full wp-image-294\" src=\"http:\/\/www.foyerdecaridad.cl\/tome\/wp-content\/uploads\/2015\/07\/91.png\" alt=\"91\" width=\"142\" height=\"208\" \/><\/a><\/h1>\n<p align=\"LEFT\">91- Paulina Jaricot:<\/p>\n<p align=\"LEFT\">Francesa, de Lyon, recibi\u00f3 los valores cristianos desde su infancia, ella misma escribe: &#8220;Dichosos quienes reciben de sus padres las primeras semillas de la fe&#8221;.<\/p>\n<p align=\"LEFT\">Desde peque\u00f1a quer\u00eda ser misionera, despu\u00e9s de una grave ca\u00edda y luego una fuerte depresi\u00f3n, se comprometi\u00f3 a hacerse servidora de Cristo, y con una vocaci\u00f3n laica se lanz\u00f3 al sostenimiento de las misiones lejanas, con la idea genial de LA CHAUCHA. As\u00ed nace la Asociaci\u00f3n para la propagaci\u00f3n de la fe el a\u00f1o 1822, y ahora en octubre de cada a\u00f1o se celebra al D.U.M.: Domingo Universal de las Misiones.<\/p>\n<h1 style=\"text-align: center;\"><a href=\"http:\/\/www.foyerdecaridad.cl\/tome\/wp-content\/uploads\/2015\/07\/92.png\"><img loading=\"lazy\" class=\"size-full wp-image-295\" src=\"http:\/\/www.foyerdecaridad.cl\/tome\/wp-content\/uploads\/2015\/07\/92.png\" alt=\"92\" width=\"142\" height=\"207\" \/><\/a><\/h1>\n<p align=\"LEFT\">92- Madre Eugenia Ravasio: El Padre Habla a sus hijos<\/p>\n<p align=\"LEFT\">Naci\u00f3 en Bergamo, Italia, a los 20 a\u00f1os entra al Convento de Nuestra Se\u00f1ora de los Ap\u00f3stoles, pronto la mandan al convento de Lyon (Francia). Recibi\u00f3 mensajes del Padre Dios que le dec\u00eda: &#8230; toda mi felicidad es poder estar ne medio de los hombres y hablarles, tal como un padre a sus hijos&#8221;.<\/p>\n<p align=\"LEFT\">Descubri\u00f3 como sanar de la lepra, por inspiraci\u00f3n divina. En este folleto se presenta la vida de Madre Eugenia y los mensajes del Padre Dios.<\/p>\n<h1 style=\"text-align: center;\"><a href=\"http:\/\/www.foyerdecaridad.cl\/tome\/wp-content\/uploads\/2015\/07\/93.png\"><img loading=\"lazy\" class=\"size-full wp-image-299\" src=\"http:\/\/www.foyerdecaridad.cl\/tome\/wp-content\/uploads\/2015\/07\/93.png\" alt=\"93\" width=\"142\" height=\"207\" \/><\/a><\/h1>\n<p align=\"LEFT\">93- Nuevos rostros de santidad<span style=\"font-family: Times;\">: presenta la vida de tres j\u00f3venes, dos italianos y una joven francesa.<\/span><\/p>\n<p align=\"LEFT\"><b> Chiara Badano<span style=\"font-family: Times;\"> del movimiento de los focolares, a sus 18 a\u00f1os, poco antes de morir, rechazaba la morfina que le quer\u00edan dar para atenuar sus dolores, diciendo: <\/span><\/b><i><span style=\"font-family: Times Italic;\">&#8220;me quita la lucidez, y yo, a Jes\u00fas, le puedo ofrecer s\u00f3lo el dolor&#8221;<\/span><span style=\"font-family: Times;\">. fue beatificada el 25 de septiembre de 2010.<\/span><\/i><\/p>\n<p align=\"LEFT\">Pier Giorgio Frassatti,<span style=\"font-family: Times;\"> beato desde el 20 de mayo de 1990. Despu\u00e9s de su muerte se decubrieron tantas obras caritativas que realizaba este joven italiano.<\/span><\/p>\n<p><b>Clara de Castelbajac<span style=\"font-family: Times;\"> est\u00e1 en proceso de ser beatificada, fallecida a los 21 a\u00f1os, en enero de 1975, en Francia, es un modelo tambi\u00e9n para la juventud. Dec\u00eda: <\/span><\/b><i><span style=\"font-family: Times Italic;\">&#8220;tengo tantas ganas de hacer feliz a todo el mundo. Me parece que \u00e9 sta debe ser la alegr\u00eda de los hijos de Dios&#8221;.<\/span><\/i><\/p>\n<p>&nbsp;<\/p>\n<p>&nbsp;<\/p>\n<h1><span style=\"color: #3366ff;\">LIBROS CON MAS HOJAS:<\/span><\/h1>\n<p>&nbsp;<\/p>\n<div align=\"center\"><span style=\"color: #ce0000; font-family: Garamond; font-size: xx-small;\"><strong>Libros de 80 a 100 pgs. aprox. Tama\u00f1o 13 x 19 cm<\/strong><\/span><\/div>\n<div align=\"center\"><\/div>\n<div align=\"center\"><img class=\"ImgSize1\" src=\"http:\/\/www.foyerdecaridad.cl\/Honor\/006DonBosco.jpg\" alt=\"\" \/><\/div>\n<p>&nbsp;<\/p>\n<p><span class=\"TitLibros\">6. Don Bosco<br \/>\n<span class=\"Comentario\">Naci\u00f3 en Tur\u00edn el a\u00f1o 1815. Como sacerdote emple\u00f3 todas sus energ\u00edas, con bondad y firmeza en la educaci\u00f3n de los j\u00f3venes. Su primer centro de formaci\u00f3n lo llam\u00f3 Oratorio de San Francisco de Sales. De ah\u00ed nace el nombre de la Congregaci\u00f3n que \u00e9l fundo: &#8220;Los Salesianos&#8221; y el Instituto de &#8220;Hijas de Mar\u00eda Auxiliadora&#8221;.<\/span><\/span><\/p>\n<div align=\"center\"><img class=\"ImgSize1\" src=\"http:\/\/www.foyerdecaridad.cl\/Honor\/008SanVicentedePaul.jpg\" alt=\"\" \/><\/div>\n<p><span class=\"TitLibros\">8. San Vicente de Paul<\/span><br \/>\n<span class=\"Comentario\">Gigante de la Caridad, sus Obras a favor de los m\u00e1s necesitados son tan extensas y variadas que no hay ning\u00fan sector de los pobres que no se haya beneficiado de su celo. Siendo capell\u00e1n de las galeras reales lleg\u00f3 al extremo de tomar el lugar de un condenado. Identificado con los m\u00e1s pobres no ten\u00eda reparo en ser consejero espiritual de la Reina.<\/span><\/p>\n<div align=\"center\"><img class=\"ImgSize1\" src=\"http:\/\/www.foyerdecaridad.cl\/Honor\/018SanAgustin.jpg\" alt=\"\" \/><\/div>\n<p><span class=\"TitLibros\">18. San Agust\u00edn<br \/>\n<span class=\"Comentario\">Gran intelectual que busc\u00f3 la Verdad en todas las ideolog\u00edas. Su madre, Santa M\u00f3nica lloraba y rezaba para convertirlo de su vida desordenada. Cuando le toc\u00f3 la Gracia, su conversi\u00f3n fue total y lleg\u00f3 a ser una gran lumbrera de la Iglesia. Es el fundador de Los Agustinos y muchas Congregaciones est\u00e1n regidos por su Regla. Entre sus escritos, se destaca: &#8220;Las confesiones&#8221;<\/span><\/span><\/p>\n<div align=\"center\"><img class=\"ImgSize1\" src=\"http:\/\/www.foyerdecaridad.cl\/Honor\/030SanJose.jpg\" alt=\"\" \/><\/div>\n<p><span class=\"TitLibros\">30. San Jos\u00e9, Esposo de la Virgen Mar\u00eda<br \/>\n<span class=\"Comentario\">Esposo Virginal de la Virgen Mar\u00eda y padre adoptivo de Jes\u00fas. Esta hermosa vida est\u00e1 tomada de la Sagrada Escritura y del Libro: &#8220;El Evangelio tal como me ha sido revelado&#8221;, de Mar\u00eda Valtorta.<\/span><\/span><\/p>\n<div align=\"center\"><img class=\"ImgSize1\" src=\"http:\/\/www.foyerdecaridad.cl\/Honor\/031MariaMagdalena.jpg\" alt=\"\" \/><\/div>\n<p><span class=\"TitLibros\">31. Santa Mar\u00eda Magdalena<br \/>\n<span class=\"Comentario\">Hermana de L\u00e1zaro y Marta, los amigos de Jes\u00fas en Betania, de los cuales habla el Evangelio. De prostituta pas\u00f3 a ser una gran Santa, porque supo amar mucho al Se\u00f1or. Fue la primera que anunci\u00f3 la Resurrecci\u00f3n del Se\u00f1or Jes\u00fas.<\/span><\/span><\/p>\n<div align=\"center\"><img class=\"ImgSize1\" src=\"http:\/\/www.foyerdecaridad.cl\/Honor\/036SanPedro.jpg\" alt=\"\" \/><\/div>\n<p><span class=\"TitLibros\">36. San Pedro, Vicario de Cristo<br \/>\n<span class=\"Comentario\">Ap\u00f3stol de Jes\u00fas y primer Pont\u00edfice de la Iglesia Cat\u00f3lica a quien Jes\u00fas le confi\u00f3 las llaves del Para\u00edso, dici\u00e9ndole: &#8220;T\u00fa eres Pedro y sobre esta piedra edificar\u00e9 mi Iglesia&#8221; (Mt. 16,18). Muri\u00f3 en Roma crucificado con la cabeza hacia abajo, porque dec\u00eda que no era digno de morir como su Maestro. Su tumba se venera en la Bas\u00edlica de San Pedro, ciudad del Vaticano.<\/span><\/span><\/p>\n<div align=\"center\"><img class=\"ImgSize1\" src=\"http:\/\/www.foyerdecaridad.cl\/Honor\/053FedericoOz.jpg\" alt=\"\" \/><\/div>\n<p><span class=\"TitLibros\">53. Federico Ozanam<br \/>\n<span class=\"Comentario\">Inspir\u00e1ndose en el ejemplo de San Vicente de Paul se empe\u00f1\u00f3 en penetrar las altas esferas de intelectuales con la espiritualidad a favor de los pobres. En su c\u00e1tedra de La Sorbona tuvo la valent\u00eda de dirigirse a los estudiantes: &#8220;Yo no tengo el honor de ser te\u00f3logo, pero el Se\u00f1or me hizo el favor de ser cristiano y como tal les hablo a ustedes&#8221;.<\/span><\/span><\/p>\n<div align=\"center\"><img class=\"ImgSize1\" src=\"http:\/\/www.foyerdecaridad.cl\/Honor\/056PadrePio.jpg\" alt=\"\" \/><\/div>\n<p><span class=\"TitLibros\">56. Padre P\u00edo<br \/>\n<span class=\"Comentario\">Primer sacerdote estigmatizado, capuchino, de Pietrelcina (Italia). El 20 de Septiembre de 1918 recibi\u00f3 el don de las Llagas del Se\u00f1or que permanecieron abiertas y sangrantes por medio siglo. Estaba en el confesionario hasta m\u00e1s de 15 horas diarias. Es fundador de uno de los Hospitales m\u00e1s modernos que llam\u00f3 &#8220;Casa del alivio del sufrimiento&#8221;, y patrono de todos los grupos de oraci\u00f3n.<\/span><\/span><\/p>\n<div align=\"center\"><img class=\"ImgSize1\" src=\"http:\/\/www.foyerdecaridad.cl\/Honor\/061Eugenia.jpg\" alt=\"\" \/><\/div>\n<p><span class=\"TitLibros\">61. Eugenia<br \/>\n<span class=\"Comentario\">De una infancia y juventud muy perturbada, educada por sus abuelos y t\u00edos. No conoci\u00f3 a su padre y de su madre no recibi\u00f3 buenos ejemplos, pero el Se\u00f1or la escogi\u00f3 para hacer de ella una santa, en la Congregaci\u00f3n de las Peque\u00f1as Hijas de los Sagrados Corazones de Jes\u00fas y de Mar\u00eda. Falleci\u00f3 el 7 de Septiembre de 1921 en Italia.<\/span><\/span><\/p>\n<div align=\"center\"><img class=\"ImgSize1\" src=\"http:\/\/www.foyerdecaridad.cl\/Honor\/072LasAdoratrices.jpg\" alt=\"\" \/><\/div>\n<p><span class=\"TitLibros\">72. Mar\u00eda Magdalena de la Encarnaci\u00f3n<\/span><br \/>\n<span class=\"Comentario\">Fundadora de las Hermanas &#8220;Adoratrices Perpetuas del Sant\u00edsimo Sacramento&#8221;. Catalina Sordini ense\u00f1a a las j\u00f3venes que de las imperfecciones y debilidades propias de nuestra naturaleza se puede subir a la m\u00e1s alta perfecci\u00f3n.<\/span><\/p>\n<div align=\"center\"><img class=\"ImgSize1\" src=\"http:\/\/www.foyerdecaridad.cl\/Honor\/074ZeliayMartin.jpg\" alt=\"\" \/><\/div>\n<p><span class=\"TitLibros\">74. Zelia y Luis Martin<\/span><br \/>\n<span class=\"Comentario\">Son padres admirables, los dos fueron atra\u00eddos por la vida religiosa, ni el uno ni el otro fueron aceptados y por voluntad de Dios se casaron. Tuvieron 9 hijos, cuatro fallecidos en la ni\u00f1ez y cinco religiosas, cuatro carmelitas y una de la Visitaci\u00f3n, de las cuales, la \u00faltima, Teresita, entrada en el Carmelo de Lisieux a los 15 a\u00f1os, es ahora Patrona de las Misiones y Doctora de la Iglesia.<\/span><\/p>\n<div align=\"center\"><img src=\"http:\/\/www.foyerdecaridad.cl\/Honor\/075PadreHurtado.jpg\" alt=\"\" \/><\/div>\n<p><span class=\"TitLibros\">75. Padre Hurtado<\/span><br \/>\n<span class=\"Comentario\">Sacerdote jesuita que se entreg\u00f3 por entero al servicio de los m\u00e1s pobres; especialmente de los ni\u00f1os. Fue creador de varias obras, pero sin duda la m\u00e1s importante es el Hogar de Cristo. A los 51 a\u00f1os de edad se presenta ante el Padre con una vida bien llena de Buenas Obras. Ayud\u00f3 a muchos j\u00f3venes a seguir a Cristo. Escribi\u00f3 muchos libros, dedicados a los j\u00f3venes, al Humanismo social, al cristianismo, etc. Canonizado el 23 de Octubre de 2005.<\/span><\/p>\n<div align=\"center\"><img class=\"ImgSize1\" src=\"http:\/\/www.foyerdecaridad.cl\/Honor\/040Judas.jpg\" alt=\"\" \/><\/div>\n<p><span class=\"TitLibros\">40. Judas Iscariote o el Dolor de Dios<br \/>\n<span class=\"Comentario\">Esta vida ha sido tomada en gran parte de la obra monumental &#8220;El Evangelio tal como me ha sido revelado&#8221;. Adem\u00e1s se complet\u00f3 con comentarios de los Santos Padres y consideraciones teol\u00f3gicas con respecto al ap\u00f3stol traidor, que nos ayudan a vivir con seriedad nuestro compromiso de hijos de Dios. En esta vida, vemos el gran amor y esfuerzos del Se\u00f1or para salvar un alma.<\/span><\/span><\/p>\n<div align=\"center\"><\/div>\n<p>&nbsp;<\/p>\n<p><span class=\"TitLibros\" style=\"font-family: 'Times New Roman', Times, serif; font-size: 14pt; font-weight: lighter; line-height: normal;\"><span class=\"Comentario\" style=\"font-size: 16px; position: relative; text-align: justify;\">\u00a0<\/span><\/span><\/p>\n","protected":false},"excerpt":{"rendered":"<p>Vidas de Santos Colecci\u00f3n &#8220;Honor de Dios&#8221; 1. Catalina Laboure y la Medalla Milagrosa Religiosa de las Hijas de la Caridad, de San Vicente de Paul. Gracias a ella se difundi\u00f3 en todo el mundo la Medalla Milagrosa que la Virgen le pidi\u00f3 mandar a acu\u00f1ar. De una discreci\u00f3n \u00fanica, pues, siendo ella quien recibi\u00f3&hellip;<\/p>\n<p class=\"more-link-wrapper\"><a class=\"more-link\" href=\"http:\/\/www.foyerdecaridad.cl\/tome\/?page_id=31\">Continue<\/a><\/p>\n","protected":false},"author":1,"featured_media":0,"parent":0,"menu_order":0,"comment_status":"open","ping_status":"open","template":"","meta":[],"_links":{"self":[{"href":"http:\/\/www.foyerdecaridad.cl\/tome\/index.php?rest_route=\/wp\/v2\/pages\/31"}],"collection":[{"href":"http:\/\/www.foyerdecaridad.cl\/tome\/index.php?rest_route=\/wp\/v2\/pages"}],"about":[{"href":"http:\/\/www.foyerdecaridad.cl\/tome\/index.php?rest_route=\/wp\/v2\/types\/page"}],"author":[{"embeddable":true,"href":"http:\/\/www.foyerdecaridad.cl\/tome\/index.php?rest_route=\/wp\/v2\/users\/1"}],"replies":[{"embeddable":true,"href":"http:\/\/www.foyerdecaridad.cl\/tome\/index.php?rest_route=%2Fwp%2Fv2%2Fcomments&post=31"}],"version-history":[{"count":9,"href":"http:\/\/www.foyerdecaridad.cl\/tome\/index.php?rest_route=\/wp\/v2\/pages\/31\/revisions"}],"predecessor-version":[{"id":573,"href":"http:\/\/www.foyerdecaridad.cl\/tome\/index.php?rest_route=\/wp\/v2\/pages\/31\/revisions\/573"}],"wp:attachment":[{"href":"http:\/\/www.foyerdecaridad.cl\/tome\/index.php?rest_route=%2Fwp%2Fv2%2Fmedia&parent=31"}],"curies":[{"name":"wp","href":"https:\/\/api.w.org\/{rel}","templated":true}]}}